{"id":41003,"date":"2026-09-03T11:30:30","date_gmt":"2026-09-03T11:30:30","guid":{"rendered":"https:\/\/masicasas.com\/property\/en-exclusiva-casa-serena-lescala\/"},"modified":"2026-09-03T14:23:55","modified_gmt":"2026-09-03T14:23:55","slug":"en-exclusiva-casa-serena-lescala","status":"publish","type":"property","link":"https:\/\/masicasas.com\/fr\/property\/en-exclusiva-casa-serena-lescala\/","title":{"rendered":"Maison Serena, L&#8217;Escala"},"content":{"rendered":"<p><strong>EN EXCLUSIVIT\u00c9 \u2013 CASA SERENA &#8211; <\/strong><strong>LICENCE TOURISTIQUE, PISCINE PRIV\u00c9E\u00a0<\/strong><\/p>\n<p>\u00c0 seulement\u00a05 minutes \u00e0 pied de la plage de Riells, cette \u00e9l\u00e9gante villa contemporaine de\u00a0201 m\u00b2, implant\u00e9e sur une parcelle de\u00a0591 m\u00b2, r\u00e9unit une\u00a0piscine priv\u00e9e de 50 m\u00b2, de beaux espaces ext\u00e9rieurs et une\u00a0licence touristique, un atout particuli\u00e8rement recherch\u00e9 offrant un excellent potentiel de revenus locatifs.<\/p>\n<p>Situ\u00e9e dans l\u2019un des secteurs les plus pris\u00e9s de\u00a0L\u2019Escala, la propri\u00e9t\u00e9 est en\u00a0parfait \u00e9tat et remarquablement bien entretenue. Ses espaces g\u00e9n\u00e9reux et lumineux b\u00e9n\u00e9ficient de grandes baies vitr\u00e9es cr\u00e9ant une belle continuit\u00e9 entre l\u2019int\u00e9rieur, les terrasses, le jardin et la piscine, pour profiter pleinement du cadre m\u00e9diterran\u00e9en toute l\u2019ann\u00e9e.<\/p>\n<p>L\u2019espace de vie se compose d\u2019un vaste salon, d\u2019une salle \u00e0 manger et d\u2019une cuisine moderne enti\u00e8rement \u00e9quip\u00e9e. La villa dispose de\u00a0plusieurs suites et chambres, dont une tr\u00e8s belle suite \u00e0 l\u2019\u00e9tage avec dressing et acc\u00e8s \u00e0 une grande terrasse ensoleill\u00e9e.<\/p>\n<p>Un espace de rangement au sous-sol ainsi qu\u2019un\u00a0stationnement pour plusieurs v\u00e9hicules\u00a0compl\u00e8tent cette propri\u00e9t\u00e9.<\/p>\n<p>Elle b\u00e9n\u00e9ficie \u00e9galement de nombreux \u00e9quipements, notamment\u00a0chauffage central, climatisation r\u00e9versible, double vitrage, syst\u00e8me d\u2019osmose, adoucisseur d\u2019eau, alarme et panneaux solaires, garantissant confort, s\u00e9curit\u00e9 et efficacit\u00e9 \u00e9nerg\u00e9tique tout au long de l\u2019ann\u00e9e.<\/p>\n<p>Une villa \u00e9l\u00e9gante,\u00a0pr\u00eate \u00e0 vivre et sans travaux \u00e0 pr\u00e9voir, r\u00e9unissant\u00a0proximit\u00e9 de la plage, piscine priv\u00e9e, qualit\u00e9 de vie et excellent potentiel d\u2019investissement\u00a0gr\u00e2ce \u00e0 sa licence touristique.<\/p>\n<p>Une opportunit\u00e9 exceptionnelle \u00e0 L\u2019Escala, id\u00e9ale comme r\u00e9sidence principale, maison secondaire ou investissement locatif.<\/p>\n<p>&nbsp;<\/p>\n","protected":false},"excerpt":{"rendered":"<p>EN EXCLUSIVIT\u00c9 \u2013 CASA SERENA &#8211; LICENCE TOURISTIQUE, PISCINE PRIV\u00c9E\u00a0 \u00c0 seulement\u00a05 minutes \u00e0 pied de la plage de Riells, cette \u00e9l\u00e9gante villa contemporaine de\u00a0201 m\u00b2, implant\u00e9e sur une parcelle de\u00a0591 m\u00b2, r\u00e9unit une\u00a0piscine priv\u00e9e de 50 m\u00b2, de beaux espaces ext\u00e9rieurs et une\u00a0licence touristique, un atout particuli\u00e8rement recherch\u00e9 offrant un excellent potentiel de revenus [&hellip;]<\/p>\n","protected":false},"author":2,"featured_media":50407,"parent":0,"menu_order":0,"template":"","property_type":[142],"property_status":[583],"property_feature":[144,275,222,234,224,228,231,343,227,232,223,375,226,276,235,357,236,233,261],"property_label":[],"property_country":[],"property_state":[112],"property_city":[116],"property_area":[120],"class_list":["post-41003","property","type-property","status-publish","has-post-thumbnail","hentry","property_type-maisons","property_status-en-exclusivite","property_feature-air-conditionne-fr","property_feature-alarme-centralisee-fr","property_feature-armoires-encastrees-fr","property_feature-cellier-fr","property_feature-chauffage-central-fr","property_feature-cuisine-equipee-fr","property_feature-cuisine-ouverte-fr","property_feature-dressing-fr","property_feature-fenetre-a-double-vitrage-fr","property_feature-jardin-prive-fr","property_feature-maison-individuelle-fr","property_feature-parking-exterieur-fr","property_feature-patio-fr","property_feature-piscine-privee-fr","property_feature-suite-avec-salle-de-bain-fr","property_feature-systeme-adoucisseur-eau-fr","property_feature-terrasse-fr","property_feature-terrasse-solarium-fr","property_feature-toilette-de-courtoisie-fr","property_state-catalogne","property_city-l-escala-fr","property_area-riells-fr"],"property_meta":{"fave_currency_info":[""],"_vc_post_settings":["a:1:{s:10:\"vc_grid_id\";a:0:{}}"],"fave_property_size":["201"],"fave_property_size_prefix":["M2"],"fave_property_bedrooms":["4"],"fave_property_bathrooms":["3"],"fave_property_year":["1986"],"fave_property_map":["1"],"fave_property_map_address":["Riells, L'Escala"],"fave_property_location":["42.112168129466,3.1450938725109,15"],"houzez_geolocation_lat":["42.112168129466"],"houzez_geolocation_long":["3.1450938725109"],"fave_property_country":["US"],"fave_additional_features_enable":["enable"],"fave_floor_plans_enable":["enable"],"houzez_featured_listing_date":["2026-09-03 14:23:56"],"fave_video_image":["84"],"fave_video_url":["https:\/\/www.youtube.com\/watch?v=CMsXoMnEoQU"],"fave_payment_status":["not_paid"],"fave_property_map_street_view":["show"],"_dp_original":["437"],"houzez_recently_viewed":["2026-09-03 16:13:42"],"houzez_views_by_date":["a:61:{s:10:\"03-19-2026\";i:1;s:10:\"03-20-2026\";i:1;s:10:\"03-25-2026\";i:1;s:10:\"03-28-2026\";i:1;s:10:\"04-11-2026\";i:1;s:10:\"04-18-2026\";i:2;s:10:\"04-21-2026\";i:1;s:10:\"04-22-2026\";i:1;s:10:\"04-23-2026\";i:1;s:10:\"05-09-2026\";i:1;s:10:\"05-19-2026\";i:1;s:10:\"05-21-2026\";i:1;s:10:\"05-25-2026\";i:1;s:10:\"05-26-2026\";i:3;s:10:\"06-10-2026\";i:2;s:10:\"06-16-2026\";i:1;s:10:\"06-17-2026\";i:1;s:10:\"06-19-2026\";i:1;s:10:\"06-25-2026\";i:1;s:10:\"06-26-2026\";i:1;s:10:\"06-30-2026\";i:1;s:10:\"07-11-2026\";i:1;s:10:\"07-14-2026\";i:1;s:10:\"07-15-2026\";i:1;s:10:\"07-16-2026\";i:1;s:10:\"07-17-2026\";i:2;s:10:\"07-18-2026\";i:2;s:10:\"07-19-2026\";i:1;s:10:\"07-20-2026\";i:1;s:10:\"07-21-2026\";i:1;s:10:\"07-22-2026\";i:2;s:10:\"07-23-2026\";i:2;s:10:\"07-24-2026\";i:1;s:10:\"07-25-2026\";i:2;s:10:\"07-26-2026\";i:1;s:10:\"07-27-2026\";i:1;s:10:\"07-28-2026\";i:1;s:10:\"07-29-2026\";i:1;s:10:\"07-30-2026\";i:1;s:10:\"07-31-2026\";i:2;s:10:\"08-01-2026\";i:1;s:10:\"08-02-2026\";i:1;s:10:\"08-03-2026\";i:1;s:10:\"08-04-2026\";i:1;s:10:\"08-05-2026\";i:1;s:10:\"08-06-2026\";i:1;s:10:\"08-07-2026\";i:1;s:10:\"08-08-2026\";i:1;s:10:\"08-09-2026\";i:1;s:10:\"08-10-2026\";i:1;s:10:\"08-11-2026\";i:1;s:10:\"08-12-2026\";i:5;s:10:\"08-13-2026\";i:1;s:10:\"08-14-2026\";i:1;s:10:\"08-15-2026\";i:1;s:10:\"08-16-2026\";i:1;s:10:\"08-17-2026\";i:1;s:10:\"08-18-2026\";i:2;s:10:\"08-19-2026\";i:2;s:10:\"08-20-2026\";i:1;s:10:\"09-03-2026\";i:6;}"],"houzez_total_property_views":["7887"],"fave_multiunit_plans_enable":["disable"],"fave_rating":["a:5:{i:1;i:0;i:2;i:0;i:3;i:0;i:4;i:0;i:5;i:0;}"],"_wpml_media_featured":["1"],"_wpml_media_duplicate":["0"],"houzez_manual_expire":["0"],"_houzez_expiration_date_status":["saved"],"_wpml_word_count":["320"],"fave_property_id":["2520"],"_yoast_wpseo_metadesc":["EN EXCLUSIVIT\u00c9 - CASA SERENA - LICENCE TOURISTIQUE, PISCINE PRIV\u00c9E\u00a0\u00c0 seulement\u00a05 minutes \u00e0 pied de la plage de Riells, cette \u00e9l\u00e9gante villa contemporaine de\u00a0201 m\u00b2, implant\u00e9e sur une parcelle de\u00a0591 m\u00b2, r\u00e9unit une\u00a0piscine priv\u00e9e de 50 m\u00b2, de beaux espaces ext\u00e9rieurs et une\u00a0licence touristique, un atout particuli\u00e8rement recherch\u00e9 offrant un excellent potentiel de revenus locatifs."],"_yoast_wpseo_content_score":["60"],"_yoast_wpseo_estimated-reading-time-minutes":["2"],"_yoast_wpseo_wordproof_timestamp":[""],"fave_show_price_placeholder":["0"],"fave_property_land":["591"],"fave_property_land_postfix":["M2"],"_yoast_wpseo_primary_property_type":[""],"_yoast_wpseo_primary_property_status":[""],"_yoast_wpseo_primary_property_feature":[""],"_yoast_wpseo_primary_property_label":[""],"_yoast_wpseo_primary_property_country":[""],"_yoast_wpseo_primary_property_state":[""],"_yoast_wpseo_primary_property_city":[""],"_yoast_wpseo_primary_property_area":[""],"cmplz_hide_cookiebanner":[""],"fave_property_price":["750000"],"fave_property_garage":["2"],"_thumbnail_id":["50407"],"_edit_lock":["1788445748:2"],"_edit_last":["2"],"_last_translation_edit_mode":["native-editor"],"floor_plans":["a:2:{i:0;a:2:{s:15:\"fave_plan_title\";s:5:\"PLANO\";s:15:\"fave_plan_image\";s:54:\"https:\/\/masicasas.com\/wp-content\/uploads\/2025\/12\/3.png\";}i:1;a:2:{s:15:\"fave_plan_title\";s:14:\"PLANO 1 PLANTA\";s:15:\"fave_plan_image\";s:54:\"https:\/\/masicasas.com\/wp-content\/uploads\/2025\/12\/2.png\";}}"],"fave_prop_homeslider":["yes"],"fave_prop_slider_image":["50407"],"fave_featured":["1"],"fave_property_images":["50360","50363","50364","50365","50366","50367","50368","50369","50370","50371","50372","50373","50374","50375","50376","50377","50378","50379","50380","50381","50382","50383","50384","50385","50386","50387","50388","50389","50390","50391","50392","50393","50394","50395","50396","50397","50398","50399","50400","50401","50402","50403","50404","50405"],"fave_agent_display_option":["agency_info"],"fave_property_agency":["2790"],"fave_single_top_area":["global"],"fave_single_content_area":["global"]},"yoast_head":"<!-- This site is optimized with the Yoast SEO plugin v28.0 - https:\/\/yoast.com\/product\/yoast-seo-wordpress\/ -->\n<title>Maison Serena, L&#039;Escala - Mas i Casas<\/title>\n<meta name=\"description\" content=\"EN EXCLUSIVIT\u00c9 - CASA SERENA - LICENCE TOURISTIQUE, PISCINE PRIV\u00c9E\u00a0\u00c0 seulement\u00a05 minutes \u00e0 pied de la plage de Riells, cette \u00e9l\u00e9gante villa contemporaine de\u00a0201 m\u00b2, implant\u00e9e sur une parcelle de\u00a0591 m\u00b2, r\u00e9unit une\u00a0piscine priv\u00e9e de 50 m\u00b2, de beaux espaces ext\u00e9rieurs et une\u00a0licence touristique, un atout particuli\u00e8rement recherch\u00e9 offrant un excellent potentiel de revenus locatifs.\" \/>\n<meta name=\"robots\" content=\"index, follow, max-snippet:-1, max-image-preview:large, max-video-preview:-1\" \/>\n<link rel=\"canonical\" href=\"https:\/\/masicasas.com\/fr\/property\/en-exclusiva-casa-serena-lescala\/\" \/>\n<meta property=\"og:locale\" content=\"fr_FR\" \/>\n<meta property=\"og:type\" content=\"article\" \/>\n<meta property=\"og:title\" content=\"Maison Serena, L&#039;Escala - Mas i Casas\" \/>\n<meta property=\"og:description\" content=\"EN EXCLUSIVIT\u00c9 - CASA SERENA - LICENCE TOURISTIQUE, PISCINE PRIV\u00c9E\u00a0\u00c0 seulement\u00a05 minutes \u00e0 pied de la plage de Riells, cette \u00e9l\u00e9gante villa contemporaine de\u00a0201 m\u00b2, implant\u00e9e sur une parcelle de\u00a0591 m\u00b2, r\u00e9unit une\u00a0piscine priv\u00e9e de 50 m\u00b2, de beaux espaces ext\u00e9rieurs et une\u00a0licence touristique, un atout particuli\u00e8rement recherch\u00e9 offrant un excellent potentiel de revenus locatifs.\" \/>\n<meta property=\"og:url\" content=\"https:\/\/masicasas.com\/fr\/property\/en-exclusiva-casa-serena-lescala\/\" \/>\n<meta property=\"og:site_name\" content=\"Mas i Casas\" \/>\n<meta property=\"article:modified_time\" content=\"2026-09-03T14:23:55+00:00\" \/>\n<meta property=\"og:image\" content=\"https:\/\/masicasas.com\/wp-content\/uploads\/2026\/03\/1-1.jpeg\" \/>\n\t<meta property=\"og:image:width\" content=\"1448\" \/>\n\t<meta property=\"og:image:height\" content=\"1086\" \/>\n\t<meta property=\"og:image:type\" content=\"image\/jpeg\" \/>\n<meta name=\"twitter:card\" content=\"summary_large_image\" \/>\n<meta name=\"twitter:label1\" content=\"Dur\u00e9e de lecture estim\u00e9e\" \/>\n\t<meta name=\"twitter:data1\" content=\"2 minutes\" \/>\n<script type=\"application\/ld+json\" class=\"yoast-schema-graph\">{\"@context\":\"https:\\\/\\\/schema.org\",\"@graph\":[{\"@type\":\"WebPage\",\"@id\":\"https:\\\/\\\/masicasas.com\\\/fr\\\/property\\\/en-exclusiva-casa-serena-lescala\\\/\",\"url\":\"https:\\\/\\\/masicasas.com\\\/fr\\\/property\\\/en-exclusiva-casa-serena-lescala\\\/\",\"name\":\"Maison Serena, L'Escala - Mas i Casas\",\"isPartOf\":{\"@id\":\"https:\\\/\\\/masicasas.com\\\/#website\"},\"primaryImageOfPage\":{\"@id\":\"https:\\\/\\\/masicasas.com\\\/fr\\\/property\\\/en-exclusiva-casa-serena-lescala\\\/#primaryimage\"},\"image\":{\"@id\":\"https:\\\/\\\/masicasas.com\\\/fr\\\/property\\\/en-exclusiva-casa-serena-lescala\\\/#primaryimage\"},\"thumbnailUrl\":\"https:\\\/\\\/masicasas.com\\\/wp-content\\\/uploads\\\/2026\\\/03\\\/1-1.jpeg\",\"datePublished\":\"2026-09-03T11:30:30+00:00\",\"dateModified\":\"2026-09-03T14:23:55+00:00\",\"description\":\"EN EXCLUSIVIT\u00c9 - CASA SERENA - LICENCE TOURISTIQUE, PISCINE PRIV\u00c9E\u00a0\u00c0 seulement\u00a05 minutes \u00e0 pied de la plage de Riells, cette \u00e9l\u00e9gante villa contemporaine de\u00a0201 m\u00b2, implant\u00e9e sur une parcelle de\u00a0591 m\u00b2, r\u00e9unit une\u00a0piscine priv\u00e9e de 50 m\u00b2, de beaux espaces ext\u00e9rieurs et une\u00a0licence touristique, un atout particuli\u00e8rement recherch\u00e9 offrant un excellent potentiel de revenus locatifs.\",\"breadcrumb\":{\"@id\":\"https:\\\/\\\/masicasas.com\\\/fr\\\/property\\\/en-exclusiva-casa-serena-lescala\\\/#breadcrumb\"},\"inLanguage\":\"fr-FR\",\"potentialAction\":[{\"@type\":\"ReadAction\",\"target\":[\"https:\\\/\\\/masicasas.com\\\/fr\\\/property\\\/en-exclusiva-casa-serena-lescala\\\/\"]}]},{\"@type\":\"ImageObject\",\"inLanguage\":\"fr-FR\",\"@id\":\"https:\\\/\\\/masicasas.com\\\/fr\\\/property\\\/en-exclusiva-casa-serena-lescala\\\/#primaryimage\",\"url\":\"https:\\\/\\\/masicasas.com\\\/wp-content\\\/uploads\\\/2026\\\/03\\\/1-1.jpeg\",\"contentUrl\":\"https:\\\/\\\/masicasas.com\\\/wp-content\\\/uploads\\\/2026\\\/03\\\/1-1.jpeg\",\"width\":1448,\"height\":1086},{\"@type\":\"BreadcrumbList\",\"@id\":\"https:\\\/\\\/masicasas.com\\\/fr\\\/property\\\/en-exclusiva-casa-serena-lescala\\\/#breadcrumb\",\"itemListElement\":[{\"@type\":\"ListItem\",\"position\":1,\"name\":\"Inici\",\"item\":\"https:\\\/\\\/masicasas.com\\\/fr\\\/\"},{\"@type\":\"ListItem\",\"position\":2,\"name\":\"Properties\",\"item\":\"https:\\\/\\\/masicasas.com\\\/property\\\/\"},{\"@type\":\"ListItem\",\"position\":3,\"name\":\"Maison Serena, L&#8217;Escala\"}]},{\"@type\":\"WebSite\",\"@id\":\"https:\\\/\\\/masicasas.com\\\/#website\",\"url\":\"https:\\\/\\\/masicasas.com\\\/\",\"name\":\"Mas i Casas\",\"description\":\"Otro sitio realizado con WordPress\",\"publisher\":{\"@id\":\"https:\\\/\\\/masicasas.com\\\/#organization\"},\"potentialAction\":[{\"@type\":\"SearchAction\",\"target\":{\"@type\":\"EntryPoint\",\"urlTemplate\":\"https:\\\/\\\/masicasas.com\\\/?s={search_term_string}\"},\"query-input\":{\"@type\":\"PropertyValueSpecification\",\"valueRequired\":true,\"valueName\":\"search_term_string\"}}],\"inLanguage\":\"fr-FR\"},{\"@type\":\"Organization\",\"@id\":\"https:\\\/\\\/masicasas.com\\\/#organization\",\"name\":\"Ag\u00e8ncia Immobili\u00e0ria l`'Escala, Costa brava - Mas i Casas\",\"alternateName\":\"Mas i Casas\",\"url\":\"https:\\\/\\\/masicasas.com\\\/\",\"logo\":{\"@type\":\"ImageObject\",\"inLanguage\":\"fr-FR\",\"@id\":\"https:\\\/\\\/masicasas.com\\\/#\\\/schema\\\/logo\\\/image\\\/\",\"url\":\"https:\\\/\\\/masicasas.com\\\/wp-content\\\/uploads\\\/2024\\\/07\\\/cropped-LOGO-MAS-I-CASAS-GOOD.jpg\",\"contentUrl\":\"https:\\\/\\\/masicasas.com\\\/wp-content\\\/uploads\\\/2024\\\/07\\\/cropped-LOGO-MAS-I-CASAS-GOOD.jpg\",\"width\":512,\"height\":512,\"caption\":\"Ag\u00e8ncia Immobili\u00e0ria l`'Escala, Costa brava - Mas i Casas\"},\"image\":{\"@id\":\"https:\\\/\\\/masicasas.com\\\/#\\\/schema\\\/logo\\\/image\\\/\"}}]}<\/script>\n<!-- \/ Yoast SEO plugin. -->","yoast_head_json":{"title":"Maison Serena, L'Escala - Mas i Casas","description":"EN EXCLUSIVIT\u00c9 - CASA SERENA - LICENCE TOURISTIQUE, PISCINE PRIV\u00c9E\u00a0\u00c0 seulement\u00a05 minutes \u00e0 pied de la plage de Riells, cette \u00e9l\u00e9gante villa contemporaine de\u00a0201 m\u00b2, implant\u00e9e sur une parcelle de\u00a0591 m\u00b2, r\u00e9unit une\u00a0piscine priv\u00e9e de 50 m\u00b2, de beaux espaces ext\u00e9rieurs et une\u00a0licence touristique, un atout particuli\u00e8rement recherch\u00e9 offrant un excellent potentiel de revenus locatifs.","robots":{"index":"index","follow":"follow","max-snippet":"max-snippet:-1","max-image-preview":"max-image-preview:large","max-video-preview":"max-video-preview:-1"},"canonical":"https:\/\/masicasas.com\/fr\/property\/en-exclusiva-casa-serena-lescala\/","og_locale":"fr_FR","og_type":"article","og_title":"Maison Serena, L'Escala - Mas i Casas","og_description":"EN EXCLUSIVIT\u00c9 - CASA SERENA - LICENCE TOURISTIQUE, PISCINE PRIV\u00c9E\u00a0\u00c0 seulement\u00a05 minutes \u00e0 pied de la plage de Riells, cette \u00e9l\u00e9gante villa contemporaine de\u00a0201 m\u00b2, implant\u00e9e sur une parcelle de\u00a0591 m\u00b2, r\u00e9unit une\u00a0piscine priv\u00e9e de 50 m\u00b2, de beaux espaces ext\u00e9rieurs et une\u00a0licence touristique, un atout particuli\u00e8rement recherch\u00e9 offrant un excellent potentiel de revenus locatifs.","og_url":"https:\/\/masicasas.com\/fr\/property\/en-exclusiva-casa-serena-lescala\/","og_site_name":"Mas i Casas","article_modified_time":"2026-09-03T14:23:55+00:00","og_image":[{"width":1448,"height":1086,"url":"https:\/\/masicasas.com\/wp-content\/uploads\/2026\/03\/1-1.jpeg","type":"image\/jpeg"}],"twitter_card":"summary_large_image","twitter_misc":{"Dur\u00e9e de lecture estim\u00e9e":"2 minutes"},"schema":{"@context":"https:\/\/schema.org","@graph":[{"@type":"WebPage","@id":"https:\/\/masicasas.com\/fr\/property\/en-exclusiva-casa-serena-lescala\/","url":"https:\/\/masicasas.com\/fr\/property\/en-exclusiva-casa-serena-lescala\/","name":"Maison Serena, L'Escala - Mas i Casas","isPartOf":{"@id":"https:\/\/masicasas.com\/#website"},"primaryImageOfPage":{"@id":"https:\/\/masicasas.com\/fr\/property\/en-exclusiva-casa-serena-lescala\/#primaryimage"},"image":{"@id":"https:\/\/masicasas.com\/fr\/property\/en-exclusiva-casa-serena-lescala\/#primaryimage"},"thumbnailUrl":"https:\/\/masicasas.com\/wp-content\/uploads\/2026\/03\/1-1.jpeg","datePublished":"2026-09-03T11:30:30+00:00","dateModified":"2026-09-03T14:23:55+00:00","description":"EN EXCLUSIVIT\u00c9 - CASA SERENA - LICENCE TOURISTIQUE, PISCINE PRIV\u00c9E\u00a0\u00c0 seulement\u00a05 minutes \u00e0 pied de la plage de Riells, cette \u00e9l\u00e9gante villa contemporaine de\u00a0201 m\u00b2, implant\u00e9e sur une parcelle de\u00a0591 m\u00b2, r\u00e9unit une\u00a0piscine priv\u00e9e de 50 m\u00b2, de beaux espaces ext\u00e9rieurs et une\u00a0licence touristique, un atout particuli\u00e8rement recherch\u00e9 offrant un excellent potentiel de revenus locatifs.","breadcrumb":{"@id":"https:\/\/masicasas.com\/fr\/property\/en-exclusiva-casa-serena-lescala\/#breadcrumb"},"inLanguage":"fr-FR","potentialAction":[{"@type":"ReadAction","target":["https:\/\/masicasas.com\/fr\/property\/en-exclusiva-casa-serena-lescala\/"]}]},{"@type":"ImageObject","inLanguage":"fr-FR","@id":"https:\/\/masicasas.com\/fr\/property\/en-exclusiva-casa-serena-lescala\/#primaryimage","url":"https:\/\/masicasas.com\/wp-content\/uploads\/2026\/03\/1-1.jpeg","contentUrl":"https:\/\/masicasas.com\/wp-content\/uploads\/2026\/03\/1-1.jpeg","width":1448,"height":1086},{"@type":"BreadcrumbList","@id":"https:\/\/masicasas.com\/fr\/property\/en-exclusiva-casa-serena-lescala\/#breadcrumb","itemListElement":[{"@type":"ListItem","position":1,"name":"Inici","item":"https:\/\/masicasas.com\/fr\/"},{"@type":"ListItem","position":2,"name":"Properties","item":"https:\/\/masicasas.com\/property\/"},{"@type":"ListItem","position":3,"name":"Maison Serena, L&#8217;Escala"}]},{"@type":"WebSite","@id":"https:\/\/masicasas.com\/#website","url":"https:\/\/masicasas.com\/","name":"Mas i Casas","description":"Otro sitio realizado con WordPress","publisher":{"@id":"https:\/\/masicasas.com\/#organization"},"potentialAction":[{"@type":"SearchAction","target":{"@type":"EntryPoint","urlTemplate":"https:\/\/masicasas.com\/?s={search_term_string}"},"query-input":{"@type":"PropertyValueSpecification","valueRequired":true,"valueName":"search_term_string"}}],"inLanguage":"fr-FR"},{"@type":"Organization","@id":"https:\/\/masicasas.com\/#organization","name":"Ag\u00e8ncia Immobili\u00e0ria l`'Escala, Costa brava - Mas i Casas","alternateName":"Mas i Casas","url":"https:\/\/masicasas.com\/","logo":{"@type":"ImageObject","inLanguage":"fr-FR","@id":"https:\/\/masicasas.com\/#\/schema\/logo\/image\/","url":"https:\/\/masicasas.com\/wp-content\/uploads\/2024\/07\/cropped-LOGO-MAS-I-CASAS-GOOD.jpg","contentUrl":"https:\/\/masicasas.com\/wp-content\/uploads\/2024\/07\/cropped-LOGO-MAS-I-CASAS-GOOD.jpg","width":512,"height":512,"caption":"Ag\u00e8ncia Immobili\u00e0ria l`'Escala, Costa brava - Mas i Casas"},"image":{"@id":"https:\/\/masicasas.com\/#\/schema\/logo\/image\/"}}]}},"_links":{"self":[{"href":"https:\/\/masicasas.com\/fr\/wp-json\/wp\/v2\/properties\/41003","targetHints":{"allow":["GET"]}}],"collection":[{"href":"https:\/\/masicasas.com\/fr\/wp-json\/wp\/v2\/properties"}],"about":[{"href":"https:\/\/masicasas.com\/fr\/wp-json\/wp\/v2\/types\/property"}],"author":[{"embeddable":true,"href":"https:\/\/masicasas.com\/fr\/wp-json\/wp\/v2\/users\/2"}],"version-history":[{"count":6,"href":"https:\/\/masicasas.com\/fr\/wp-json\/wp\/v2\/properties\/41003\/revisions"}],"predecessor-version":[{"id":50454,"href":"https:\/\/masicasas.com\/fr\/wp-json\/wp\/v2\/properties\/41003\/revisions\/50454"}],"wp:featuredmedia":[{"embeddable":true,"href":"https:\/\/masicasas.com\/fr\/wp-json\/wp\/v2\/media\/50407"}],"wp:attachment":[{"href":"https:\/\/masicasas.com\/fr\/wp-json\/wp\/v2\/media?parent=41003"}],"wp:term":[{"taxonomy":"property_type","embeddable":true,"href":"https:\/\/masicasas.com\/fr\/wp-json\/wp\/v2\/property_type?post=41003"},{"taxonomy":"property_status","embeddable":true,"href":"https:\/\/masicasas.com\/fr\/wp-json\/wp\/v2\/property_status?post=41003"},{"taxonomy":"property_feature","embeddable":true,"href":"https:\/\/masicasas.com\/fr\/wp-json\/wp\/v2\/property_feature?post=41003"},{"taxonomy":"property_label","embeddable":true,"href":"https:\/\/masicasas.com\/fr\/wp-json\/wp\/v2\/property_label?post=41003"},{"taxonomy":"property_country","embeddable":true,"href":"https:\/\/masicasas.com\/fr\/wp-json\/wp\/v2\/property_country?post=41003"},{"taxonomy":"property_state","embeddable":true,"href":"https:\/\/masicasas.com\/fr\/wp-json\/wp\/v2\/property_state?post=41003"},{"taxonomy":"property_city","embeddable":true,"href":"https:\/\/masicasas.com\/fr\/wp-json\/wp\/v2\/property_city?post=41003"},{"taxonomy":"property_area","embeddable":true,"href":"https:\/\/masicasas.com\/fr\/wp-json\/wp\/v2\/property_area?post=41003"}],"curies":[{"name":"wp","href":"https:\/\/api.w.org\/{rel}","templated":true}]}}