{"id":22116,"date":"2023-06-01T10:52:36","date_gmt":"2023-06-01T10:52:36","guid":{"rendered":"https:\/\/masicasas.pwgirona.com\/property\/casa-puig-lescala\/"},"modified":"2024-12-11T13:18:38","modified_gmt":"2024-12-11T13:18:38","slug":"casa-puig-lescala","status":"publish","type":"property","link":"https:\/\/masicasas.com\/fr\/property\/casa-puig-lescala\/","title":{"rendered":"Maison Puig, L&#8217;Escala"},"content":{"rendered":"<p>La propri\u00e9t\u00e9, construite en 2000, entour\u00e9e d\u2019un joli jardin et d\u2019une piscine privative se situe au c\u0153ur de Riells \u00e0 L\u2019Escala.<\/p>\n<p>La maison est r\u00e9partie sur 2 \u00e9tages. Au sous-sol se trouve un grand garage avec tout l\u2019espace disponible pour les voitures et un espace jeux.<\/p>\n<p>Le rez-de-chauss\u00e9e est distribu\u00e9 en un salon-salle \u00e0 manger avec une terrasse ample ayant acc\u00e8s au jardin et \u00e0 la piscine, une salle de bain avec douche, et une grande cuisine ind\u00e9pendante, totalement \u00e9quip\u00e9e.<\/p>\n<p>Le premier \u00e9tage compte 3 chambres avec sortie sur une terrasse, un bureau et une salle de bain compl\u00e8te.<\/p>\n<p>La maison dispose d\u2019une excellente orientation, connect\u00e9e avec un grand jardin, une ample terrasse et son coin barbecue. A c\u00f4t\u00e9 de la piscine on trouve une terrasse semi-ouverte avec un porche pour l\u2019\u00e9t\u00e9 comprenant un barbecue, une douche ext\u00e9rieure et une toilette.<\/p>\n<p>Cette maison est totalement am\u00e9nag\u00e9e pour y vivre toute l\u2019ann\u00e9e, en parfaite condition.<\/p>\n","protected":false},"excerpt":{"rendered":"<p>La propri\u00e9t\u00e9, construite en 2000, entour\u00e9e d\u2019un joli jardin et d\u2019une piscine privative se situe au c\u0153ur de Riells \u00e0 L\u2019Escala. La maison est r\u00e9partie sur 2 \u00e9tages. Au sous-sol se trouve un grand garage avec tout l\u2019espace disponible pour les voitures et un espace jeux. Le rez-de-chauss\u00e9e est distribu\u00e9 en un salon-salle \u00e0 manger [&hellip;]<\/p>\n","protected":false},"author":2,"featured_media":38987,"parent":0,"menu_order":0,"template":"","property_type":[142],"property_status":[594],"property_feature":[144,453,222,274,289,230,234,459,468,228,327,229,232,385,276,516,236,307],"property_label":[],"property_country":[],"property_state":[],"property_city":[116],"property_area":[120],"class_list":["post-22116","property","type-property","status-publish","has-post-thumbnail","hentry","property_type-maisons","property_status-vendue","property_feature-air-conditionne-fr","property_feature-armoires-fr","property_feature-armoires-encastrees-fr","property_feature-balcon-fr","property_feature-barbecue-fr","property_feature-bonne-orientation-fr","property_feature-cellier-fr","property_feature-chauffage-fr","property_feature-cuisine-fr","property_feature-cuisine-equipee-fr","property_feature-electromenagers-fr","property_feature-garage-fr","property_feature-jardin-prive-fr","property_feature-maison-mitoyenne-fr","property_feature-piscine-privee-fr","property_feature-salle-de-jeux-fr","property_feature-terrasse-fr","property_feature-tres-facile-dacces-fr","property_city-l-escala-fr","property_area-riells-fr"],"property_meta":{"_wpml_media_featured":["1"],"_wpml_media_duplicate":["0"],"fave_currency_info":[""],"_vc_post_settings":["a:1:{s:10:\"vc_grid_id\";a:0:{}}"],"fave_property_size":["180"],"fave_property_size_prefix":["M2"],"fave_property_bedrooms":["4"],"fave_property_bathrooms":["2"],"fave_property_garage":["1"],"fave_property_year":["2000"],"fave_property_map":["1"],"fave_property_map_address":["Riells, L'Escala"],"fave_property_location":["42.111178384115,3.1314075642735,15"],"houzez_geolocation_lat":["42.111178384115"],"houzez_geolocation_long":["3.1314075642735"],"fave_property_country":["US"],"fave_additional_features_enable":["enable"],"fave_floor_plans_enable":["enable"],"fave_video_image":["84"],"fave_video_url":["https:\/\/youtu.be\/iEEiQSEpk9o"],"fave_payment_status":["not_paid"],"fave_property_map_street_view":["show"],"_dp_original":["437"],"houzez_recently_viewed":["2026-04-27 04:50:42"],"houzez_views_by_date":["a:61:{s:10:\"02-01-2025\";i:1;s:10:\"02-20-2025\";i:1;s:10:\"03-02-2025\";i:1;s:10:\"03-06-2025\";i:1;s:10:\"03-18-2025\";i:1;s:10:\"04-03-2025\";i:1;s:10:\"04-20-2025\";i:1;s:10:\"04-22-2025\";i:1;s:10:\"05-01-2025\";i:1;s:10:\"05-03-2025\";i:1;s:10:\"05-09-2025\";i:1;s:10:\"05-29-2025\";i:1;s:10:\"05-30-2025\";i:1;s:10:\"06-05-2025\";i:1;s:10:\"06-06-2025\";i:1;s:10:\"06-25-2025\";i:1;s:10:\"07-03-2025\";i:1;s:10:\"07-12-2025\";i:1;s:10:\"07-19-2025\";i:1;s:10:\"07-24-2025\";i:1;s:10:\"08-05-2025\";i:1;s:10:\"08-13-2025\";i:1;s:10:\"08-27-2025\";i:1;s:10:\"09-19-2025\";i:1;s:10:\"09-23-2025\";i:1;s:10:\"09-24-2025\";i:1;s:10:\"09-25-2025\";i:1;s:10:\"09-26-2025\";i:1;s:10:\"10-05-2025\";i:1;s:10:\"10-07-2025\";i:1;s:10:\"10-08-2025\";i:1;s:10:\"10-09-2025\";i:1;s:10:\"10-20-2025\";i:1;s:10:\"11-03-2025\";i:1;s:10:\"11-11-2025\";i:1;s:10:\"11-13-2025\";i:1;s:10:\"11-19-2025\";i:1;s:10:\"11-23-2025\";i:1;s:10:\"12-06-2025\";i:1;s:10:\"12-16-2025\";i:1;s:10:\"12-30-2025\";i:1;s:10:\"01-25-2026\";i:1;s:10:\"01-29-2026\";i:1;s:10:\"01-30-2026\";i:1;s:10:\"02-14-2026\";i:1;s:10:\"02-22-2026\";i:1;s:10:\"02-28-2026\";i:1;s:10:\"03-01-2026\";i:1;s:10:\"03-05-2026\";i:1;s:10:\"03-08-2026\";i:1;s:10:\"03-11-2026\";i:1;s:10:\"03-14-2026\";i:1;s:10:\"03-18-2026\";i:1;s:10:\"03-19-2026\";i:1;s:10:\"03-20-2026\";i:1;s:10:\"03-28-2026\";i:2;s:10:\"04-05-2026\";i:1;s:10:\"04-12-2026\";i:1;s:10:\"04-19-2026\";i:1;s:10:\"04-23-2026\";i:1;s:10:\"04-27-2026\";i:1;}"],"houzez_total_property_views":["7769"],"fave_multiunit_plans_enable":["disable"],"fave_agent_display_option":["agency_info"],"fave_rating":["a:5:{i:1;i:0;i:2;i:0;i:3;i:0;i:4;i:0;i:5;i:0;}"],"houzez_manual_expire":["0"],"_houzez_expiration_date_status":["saved"],"_wpml_word_count":["{\"total\":192,\"to_translate\":{\"en\":192,\"fr\":192,\"es\":192}}"],"fave_energy_class":["F"],"fave_energy_global_index":["291 kWh \/ m2a"],"fave_property_id":["2479"],"fave_property_land":["326"],"fave_property_land_postfix":["M2"],"fave_prop_homeslider":["yes"],"_edit_lock":["1733923144:2"],"_edit_last":["2"],"_last_translation_edit_mode":["native-editor"],"_thumbnail_id":["38987"],"fave_show_price_placeholder":["0"],"_yoast_wpseo_primary_property_type":[""],"_yoast_wpseo_primary_property_status":[""],"_yoast_wpseo_primary_property_feature":[""],"_yoast_wpseo_primary_property_label":[""],"_yoast_wpseo_primary_property_country":[""],"_yoast_wpseo_primary_property_state":[""],"_yoast_wpseo_primary_property_city":[""],"_yoast_wpseo_primary_property_area":[""],"_yoast_wpseo_metadesc":["La propri\u00e9t\u00e9, construite en 2000, entour\u00e9e d\u2019un joli jardin et d\u2019une piscine privative se situe au c\u0153ur de Riells \u00e0 L\u2019Escala."],"_yoast_wpseo_content_score":["90"],"_yoast_wpseo_estimated-reading-time-minutes":["2"],"_yoast_wpseo_wordproof_timestamp":[""],"cmplz_hide_cookiebanner":[""],"fave_property_images":["38985","38994","39001","39006","39018","39022","39030","39034","39038","39042","39046","39050","39054","39058","39062","39067","39071","39075","39079","39083","39087","39091","39095","39099","39103","39107","39111","39115","39119","39123","39127","39135","39131"],"fave_prop_slider_image":["38987"],"fave_featured":["0"],"fave_single_top_area":["global"],"fave_single_content_area":["global"],"_elementor_page_assets":["a:0:{}"]},"yoast_head":"<!-- This site is optimized with the Yoast SEO plugin v27.4 - https:\/\/yoast.com\/product\/yoast-seo-wordpress\/ -->\n<title>Maison Puig, L&#039;Escala - Mas i Casas<\/title>\n<meta name=\"description\" content=\"La propri\u00e9t\u00e9, construite en 2000, entour\u00e9e d\u2019un joli jardin et d\u2019une piscine privative se situe au c\u0153ur de Riells \u00e0 L\u2019Escala.\" \/>\n<meta name=\"robots\" content=\"index, follow, max-snippet:-1, max-image-preview:large, max-video-preview:-1\" \/>\n<link rel=\"canonical\" href=\"https:\/\/masicasas.com\/fr\/property\/casa-puig-lescala\/\" \/>\n<meta property=\"og:locale\" content=\"fr_FR\" \/>\n<meta property=\"og:type\" content=\"article\" \/>\n<meta property=\"og:title\" content=\"Maison Puig, L&#039;Escala - Mas i Casas\" \/>\n<meta property=\"og:description\" content=\"La propri\u00e9t\u00e9, construite en 2000, entour\u00e9e d\u2019un joli jardin et d\u2019une piscine privative se situe au c\u0153ur de Riells \u00e0 L\u2019Escala.\" \/>\n<meta property=\"og:url\" content=\"https:\/\/masicasas.com\/fr\/property\/casa-puig-lescala\/\" \/>\n<meta property=\"og:site_name\" content=\"Mas i Casas\" \/>\n<meta property=\"article:modified_time\" content=\"2024-12-11T13:18:38+00:00\" \/>\n<meta property=\"og:image\" content=\"https:\/\/masicasas.com\/wp-content\/uploads\/2023\/06\/PUIG-1-1.png\" \/>\n\t<meta property=\"og:image:width\" content=\"800\" \/>\n\t<meta property=\"og:image:height\" content=\"533\" \/>\n\t<meta property=\"og:image:type\" content=\"image\/png\" \/>\n<meta name=\"twitter:card\" content=\"summary_large_image\" \/>\n<meta name=\"twitter:label1\" content=\"Dur\u00e9e de lecture estim\u00e9e\" \/>\n\t<meta name=\"twitter:data1\" content=\"2 minutes\" \/>\n<script type=\"application\/ld+json\" class=\"yoast-schema-graph\">{\"@context\":\"https:\\\/\\\/schema.org\",\"@graph\":[{\"@type\":\"WebPage\",\"@id\":\"https:\\\/\\\/masicasas.com\\\/fr\\\/property\\\/casa-puig-lescala\\\/\",\"url\":\"https:\\\/\\\/masicasas.com\\\/fr\\\/property\\\/casa-puig-lescala\\\/\",\"name\":\"Maison Puig, L'Escala - Mas i Casas\",\"isPartOf\":{\"@id\":\"https:\\\/\\\/masicasas.com\\\/#website\"},\"primaryImageOfPage\":{\"@id\":\"https:\\\/\\\/masicasas.com\\\/fr\\\/property\\\/casa-puig-lescala\\\/#primaryimage\"},\"image\":{\"@id\":\"https:\\\/\\\/masicasas.com\\\/fr\\\/property\\\/casa-puig-lescala\\\/#primaryimage\"},\"thumbnailUrl\":\"https:\\\/\\\/masicasas.com\\\/wp-content\\\/uploads\\\/2023\\\/06\\\/PUIG-1-1.png\",\"datePublished\":\"2023-06-01T10:52:36+00:00\",\"dateModified\":\"2024-12-11T13:18:38+00:00\",\"description\":\"La propri\u00e9t\u00e9, construite en 2000, entour\u00e9e d\u2019un joli jardin et d\u2019une piscine privative se situe au c\u0153ur de Riells \u00e0 L\u2019Escala.\",\"breadcrumb\":{\"@id\":\"https:\\\/\\\/masicasas.com\\\/fr\\\/property\\\/casa-puig-lescala\\\/#breadcrumb\"},\"inLanguage\":\"fr-FR\",\"potentialAction\":[{\"@type\":\"ReadAction\",\"target\":[\"https:\\\/\\\/masicasas.com\\\/fr\\\/property\\\/casa-puig-lescala\\\/\"]}]},{\"@type\":\"ImageObject\",\"inLanguage\":\"fr-FR\",\"@id\":\"https:\\\/\\\/masicasas.com\\\/fr\\\/property\\\/casa-puig-lescala\\\/#primaryimage\",\"url\":\"https:\\\/\\\/masicasas.com\\\/wp-content\\\/uploads\\\/2023\\\/06\\\/PUIG-1-1.png\",\"contentUrl\":\"https:\\\/\\\/masicasas.com\\\/wp-content\\\/uploads\\\/2023\\\/06\\\/PUIG-1-1.png\",\"width\":800,\"height\":533},{\"@type\":\"BreadcrumbList\",\"@id\":\"https:\\\/\\\/masicasas.com\\\/fr\\\/property\\\/casa-puig-lescala\\\/#breadcrumb\",\"itemListElement\":[{\"@type\":\"ListItem\",\"position\":1,\"name\":\"Inici\",\"item\":\"https:\\\/\\\/masicasas.com\\\/fr\\\/\"},{\"@type\":\"ListItem\",\"position\":2,\"name\":\"Properties\",\"item\":\"https:\\\/\\\/masicasas.com\\\/property\\\/\"},{\"@type\":\"ListItem\",\"position\":3,\"name\":\"Maison Puig, L&#8217;Escala\"}]},{\"@type\":\"WebSite\",\"@id\":\"https:\\\/\\\/masicasas.com\\\/#website\",\"url\":\"https:\\\/\\\/masicasas.com\\\/\",\"name\":\"Mas i Casas\",\"description\":\"Otro sitio realizado con WordPress\",\"publisher\":{\"@id\":\"https:\\\/\\\/masicasas.com\\\/#organization\"},\"potentialAction\":[{\"@type\":\"SearchAction\",\"target\":{\"@type\":\"EntryPoint\",\"urlTemplate\":\"https:\\\/\\\/masicasas.com\\\/?s={search_term_string}\"},\"query-input\":{\"@type\":\"PropertyValueSpecification\",\"valueRequired\":true,\"valueName\":\"search_term_string\"}}],\"inLanguage\":\"fr-FR\"},{\"@type\":\"Organization\",\"@id\":\"https:\\\/\\\/masicasas.com\\\/#organization\",\"name\":\"Ag\u00e8ncia Immobili\u00e0ria l`'Escala, Costa brava - Mas i Casas\",\"alternateName\":\"Mas i Casas\",\"url\":\"https:\\\/\\\/masicasas.com\\\/\",\"logo\":{\"@type\":\"ImageObject\",\"inLanguage\":\"fr-FR\",\"@id\":\"https:\\\/\\\/masicasas.com\\\/#\\\/schema\\\/logo\\\/image\\\/\",\"url\":\"https:\\\/\\\/masicasas.com\\\/wp-content\\\/uploads\\\/2024\\\/07\\\/cropped-LOGO-MAS-I-CASAS-GOOD.jpg\",\"contentUrl\":\"https:\\\/\\\/masicasas.com\\\/wp-content\\\/uploads\\\/2024\\\/07\\\/cropped-LOGO-MAS-I-CASAS-GOOD.jpg\",\"width\":512,\"height\":512,\"caption\":\"Ag\u00e8ncia Immobili\u00e0ria l`'Escala, Costa brava - Mas i Casas\"},\"image\":{\"@id\":\"https:\\\/\\\/masicasas.com\\\/#\\\/schema\\\/logo\\\/image\\\/\"}}]}<\/script>\n<!-- \/ Yoast SEO plugin. -->","yoast_head_json":{"title":"Maison Puig, L'Escala - Mas i Casas","description":"La propri\u00e9t\u00e9, construite en 2000, entour\u00e9e d\u2019un joli jardin et d\u2019une piscine privative se situe au c\u0153ur de Riells \u00e0 L\u2019Escala.","robots":{"index":"index","follow":"follow","max-snippet":"max-snippet:-1","max-image-preview":"max-image-preview:large","max-video-preview":"max-video-preview:-1"},"canonical":"https:\/\/masicasas.com\/fr\/property\/casa-puig-lescala\/","og_locale":"fr_FR","og_type":"article","og_title":"Maison Puig, L'Escala - Mas i Casas","og_description":"La propri\u00e9t\u00e9, construite en 2000, entour\u00e9e d\u2019un joli jardin et d\u2019une piscine privative se situe au c\u0153ur de Riells \u00e0 L\u2019Escala.","og_url":"https:\/\/masicasas.com\/fr\/property\/casa-puig-lescala\/","og_site_name":"Mas i Casas","article_modified_time":"2024-12-11T13:18:38+00:00","og_image":[{"width":800,"height":533,"url":"https:\/\/masicasas.com\/wp-content\/uploads\/2023\/06\/PUIG-1-1.png","type":"image\/png"}],"twitter_card":"summary_large_image","twitter_misc":{"Dur\u00e9e de lecture estim\u00e9e":"2 minutes"},"schema":{"@context":"https:\/\/schema.org","@graph":[{"@type":"WebPage","@id":"https:\/\/masicasas.com\/fr\/property\/casa-puig-lescala\/","url":"https:\/\/masicasas.com\/fr\/property\/casa-puig-lescala\/","name":"Maison Puig, L'Escala - Mas i Casas","isPartOf":{"@id":"https:\/\/masicasas.com\/#website"},"primaryImageOfPage":{"@id":"https:\/\/masicasas.com\/fr\/property\/casa-puig-lescala\/#primaryimage"},"image":{"@id":"https:\/\/masicasas.com\/fr\/property\/casa-puig-lescala\/#primaryimage"},"thumbnailUrl":"https:\/\/masicasas.com\/wp-content\/uploads\/2023\/06\/PUIG-1-1.png","datePublished":"2023-06-01T10:52:36+00:00","dateModified":"2024-12-11T13:18:38+00:00","description":"La propri\u00e9t\u00e9, construite en 2000, entour\u00e9e d\u2019un joli jardin et d\u2019une piscine privative se situe au c\u0153ur de Riells \u00e0 L\u2019Escala.","breadcrumb":{"@id":"https:\/\/masicasas.com\/fr\/property\/casa-puig-lescala\/#breadcrumb"},"inLanguage":"fr-FR","potentialAction":[{"@type":"ReadAction","target":["https:\/\/masicasas.com\/fr\/property\/casa-puig-lescala\/"]}]},{"@type":"ImageObject","inLanguage":"fr-FR","@id":"https:\/\/masicasas.com\/fr\/property\/casa-puig-lescala\/#primaryimage","url":"https:\/\/masicasas.com\/wp-content\/uploads\/2023\/06\/PUIG-1-1.png","contentUrl":"https:\/\/masicasas.com\/wp-content\/uploads\/2023\/06\/PUIG-1-1.png","width":800,"height":533},{"@type":"BreadcrumbList","@id":"https:\/\/masicasas.com\/fr\/property\/casa-puig-lescala\/#breadcrumb","itemListElement":[{"@type":"ListItem","position":1,"name":"Inici","item":"https:\/\/masicasas.com\/fr\/"},{"@type":"ListItem","position":2,"name":"Properties","item":"https:\/\/masicasas.com\/property\/"},{"@type":"ListItem","position":3,"name":"Maison Puig, L&#8217;Escala"}]},{"@type":"WebSite","@id":"https:\/\/masicasas.com\/#website","url":"https:\/\/masicasas.com\/","name":"Mas i Casas","description":"Otro sitio realizado con WordPress","publisher":{"@id":"https:\/\/masicasas.com\/#organization"},"potentialAction":[{"@type":"SearchAction","target":{"@type":"EntryPoint","urlTemplate":"https:\/\/masicasas.com\/?s={search_term_string}"},"query-input":{"@type":"PropertyValueSpecification","valueRequired":true,"valueName":"search_term_string"}}],"inLanguage":"fr-FR"},{"@type":"Organization","@id":"https:\/\/masicasas.com\/#organization","name":"Ag\u00e8ncia Immobili\u00e0ria l`'Escala, Costa brava - Mas i Casas","alternateName":"Mas i Casas","url":"https:\/\/masicasas.com\/","logo":{"@type":"ImageObject","inLanguage":"fr-FR","@id":"https:\/\/masicasas.com\/#\/schema\/logo\/image\/","url":"https:\/\/masicasas.com\/wp-content\/uploads\/2024\/07\/cropped-LOGO-MAS-I-CASAS-GOOD.jpg","contentUrl":"https:\/\/masicasas.com\/wp-content\/uploads\/2024\/07\/cropped-LOGO-MAS-I-CASAS-GOOD.jpg","width":512,"height":512,"caption":"Ag\u00e8ncia Immobili\u00e0ria l`'Escala, Costa brava - Mas i Casas"},"image":{"@id":"https:\/\/masicasas.com\/#\/schema\/logo\/image\/"}}]}},"_links":{"self":[{"href":"https:\/\/masicasas.com\/fr\/wp-json\/wp\/v2\/properties\/22116","targetHints":{"allow":["GET"]}}],"collection":[{"href":"https:\/\/masicasas.com\/fr\/wp-json\/wp\/v2\/properties"}],"about":[{"href":"https:\/\/masicasas.com\/fr\/wp-json\/wp\/v2\/types\/property"}],"author":[{"embeddable":true,"href":"https:\/\/masicasas.com\/fr\/wp-json\/wp\/v2\/users\/2"}],"version-history":[{"count":2,"href":"https:\/\/masicasas.com\/fr\/wp-json\/wp\/v2\/properties\/22116\/revisions"}],"predecessor-version":[{"id":34349,"href":"https:\/\/masicasas.com\/fr\/wp-json\/wp\/v2\/properties\/22116\/revisions\/34349"}],"wp:featuredmedia":[{"embeddable":true,"href":"https:\/\/masicasas.com\/fr\/wp-json\/wp\/v2\/media\/38987"}],"wp:attachment":[{"href":"https:\/\/masicasas.com\/fr\/wp-json\/wp\/v2\/media?parent=22116"}],"wp:term":[{"taxonomy":"property_type","embeddable":true,"href":"https:\/\/masicasas.com\/fr\/wp-json\/wp\/v2\/property_type?post=22116"},{"taxonomy":"property_status","embeddable":true,"href":"https:\/\/masicasas.com\/fr\/wp-json\/wp\/v2\/property_status?post=22116"},{"taxonomy":"property_feature","embeddable":true,"href":"https:\/\/masicasas.com\/fr\/wp-json\/wp\/v2\/property_feature?post=22116"},{"taxonomy":"property_label","embeddable":true,"href":"https:\/\/masicasas.com\/fr\/wp-json\/wp\/v2\/property_label?post=22116"},{"taxonomy":"property_country","embeddable":true,"href":"https:\/\/masicasas.com\/fr\/wp-json\/wp\/v2\/property_country?post=22116"},{"taxonomy":"property_state","embeddable":true,"href":"https:\/\/masicasas.com\/fr\/wp-json\/wp\/v2\/property_state?post=22116"},{"taxonomy":"property_city","embeddable":true,"href":"https:\/\/masicasas.com\/fr\/wp-json\/wp\/v2\/property_city?post=22116"},{"taxonomy":"property_area","embeddable":true,"href":"https:\/\/masicasas.com\/fr\/wp-json\/wp\/v2\/property_area?post=22116"}],"curies":[{"name":"wp","href":"https:\/\/api.w.org\/{rel}","templated":true}]}}