{"id":23988,"date":"2023-09-02T09:32:42","date_gmt":"2023-09-02T09:32:42","guid":{"rendered":"https:\/\/masicasas.pwgirona.com\/property\/en-exclusiva-apartament-ave-maria-lescala\/"},"modified":"2024-12-10T14:24:07","modified_gmt":"2024-12-10T14:24:07","slug":"en-exclusiva-apartament-ave-maria-lescala","status":"publish","type":"property","link":"https:\/\/masicasas.com\/es\/property\/en-exclusiva-apartament-ave-maria-lescala\/","title":{"rendered":"Apartamento Ave Maria, L&#8217;Escala"},"content":{"rendered":"<p>Magn\u00edfico apartamento de alto standing, de construido en 2005, situado en el coraz\u00f3n de L&#8217;Escala, dentro de un edificio de solo 9 vecinos, apto para vivir todo el a\u00f1o.<\/p>\n<p>Dispone de ascensor y plaza de aparcamiento.<\/p>\n<p>Orientado totalmente a Sur, con Sol todo el d\u00eda, se compone de 3 habitaciones dobles, 2 ba\u00f1os completos con ducha italiana. Una de las habitaciones es tipo suite.<\/p>\n<p>La comodidad se constata en sus 94 m2 construidos, pues 82 m2 \u00fatiles.<\/p>\n<p>Los acabados son de gran calidad, buenos aislamientos, carpinter\u00eda exterior de aluminio tecnal, con rotura del puente t\u00e9rmico, vidrio doble con c\u00e1mara de aire. El apartamento dispone de calefacci\u00f3n de gas natural, bomba de calor y fr\u00edo reversible, \u00f3smosis y descalificador.<\/p>\n<p>Situado en la avenida Ave Maria, el apartamento dispone de una amplia terraza con muy buenas visitas al mar, donde en verano se pueden disfrutar de unas cenas en familia. En invierno, gracias a su orientaci\u00f3n, permite incluso poder comer en la terraza.<\/p>\n<p>Este apartamento da una gran oportunidad, solo a 2 minutos a pie, de estar sentados en cualquiera de los magn\u00edficos restaurantes que hay en la playa de las Barcas de l&#8217;Escala.<\/p>\n","protected":false},"excerpt":{"rendered":"<p>Magn\u00edfico apartamento de alto standing, de construido en 2005, situado en el coraz\u00f3n de L&#8217;Escala, dentro de un edificio de solo 9 vecinos, apto para vivir todo el a\u00f1o. Dispone de ascensor y plaza de aparcamiento. Orientado totalmente a Sur, con Sol todo el d\u00eda, se compone de 3 habitaciones dobles, 2 ba\u00f1os completos con [&hellip;]<\/p>\n","protected":false},"author":2,"featured_media":37725,"parent":0,"menu_order":0,"template":"","property_type":[334],"property_status":[599],"property_feature":[309,161,454,239,414,279,457,247,241,244,469,245,363,335,365,540,415,338,400,252,253,250,282],"property_label":[],"property_country":[],"property_state":[],"property_city":[117],"property_area":[265],"class_list":["post-23988","property","type-property","status-publish","has-post-thumbnail","hentry","property_type-apartamentos","property_status-vendido","property_feature-acceso-muy-facil-es","property_feature-aire-acondicionado-es","property_feature-armarios-es","property_feature-armarios-empotrados-es","property_feature-ascensor-es","property_feature-balcon-es","property_feature-buen-estado-es","property_feature-buena-orientacion-es","property_feature-calefaccion-central-es","property_feature-cierres-doble-vidrio-es","property_feature-cocina-es","property_feature-cocina-equipada-es","property_feature-descalcificador-es","property_feature-electrodomesticos-es","property_feature-orientacion-sud-es","property_feature-persianas-electricas-es","property_feature-piso-es","property_feature-plaza-de-parking-es","property_feature-soleado-es","property_feature-suite-con-bano-es","property_feature-terraza-es","property_feature-terraza-solarium-es","property_feature-vistas-al-mar-es","property_city-l-escala-es","property_area-nucli-antic-es"],"property_meta":{"_wpml_media_featured":["1"],"_wpml_media_duplicate":["0"],"fave_currency_info":[""],"_vc_post_settings":["a:1:{s:10:\"vc_grid_id\";a:0:{}}"],"fave_property_size":["94"],"fave_property_size_prefix":["M2"],"fave_property_bathrooms":["2"],"fave_property_year":["2005"],"fave_property_map":["1"],"fave_property_map_address":["Nucli Antic, L'Escala"],"fave_property_location":["42.12313469552,3.1321978569031,17"],"houzez_geolocation_lat":["42.12313469552"],"houzez_geolocation_long":["3.1321978569031"],"fave_property_country":["US"],"fave_additional_features_enable":["enable"],"fave_floor_plans_enable":["enable"],"fave_video_image":["84"],"fave_video_url":["https:\/\/youtu.be\/tT0vdcCoffM?si=UlJAMiSMJ80Zz856"],"fave_payment_status":["not_paid"],"fave_property_map_street_view":["show"],"_dp_original":["437"],"houzez_recently_viewed":["2026-04-23 17:34:54"],"houzez_views_by_date":["a:61:{s:10:\"06-05-2025\";i:2;s:10:\"06-06-2025\";i:1;s:10:\"06-14-2025\";i:1;s:10:\"06-15-2025\";i:1;s:10:\"06-26-2025\";i:2;s:10:\"07-01-2025\";i:1;s:10:\"07-03-2025\";i:1;s:10:\"07-12-2025\";i:1;s:10:\"07-13-2025\";i:1;s:10:\"07-19-2025\";i:1;s:10:\"07-24-2025\";i:1;s:10:\"07-30-2025\";i:1;s:10:\"08-05-2025\";i:1;s:10:\"08-11-2025\";i:1;s:10:\"08-12-2025\";i:1;s:10:\"08-13-2025\";i:1;s:10:\"08-20-2025\";i:1;s:10:\"09-08-2025\";i:1;s:10:\"09-11-2025\";i:1;s:10:\"09-20-2025\";i:1;s:10:\"09-23-2025\";i:1;s:10:\"09-25-2025\";i:2;s:10:\"09-27-2025\";i:1;s:10:\"09-28-2025\";i:1;s:10:\"10-04-2025\";i:1;s:10:\"10-06-2025\";i:1;s:10:\"10-07-2025\";i:1;s:10:\"10-08-2025\";i:1;s:10:\"10-11-2025\";i:1;s:10:\"10-25-2025\";i:1;s:10:\"10-30-2025\";i:1;s:10:\"11-03-2025\";i:1;s:10:\"11-12-2025\";i:1;s:10:\"11-18-2025\";i:1;s:10:\"11-20-2025\";i:1;s:10:\"11-21-2025\";i:1;s:10:\"11-23-2025\";i:1;s:10:\"12-20-2025\";i:2;s:10:\"01-12-2026\";i:1;s:10:\"01-14-2026\";i:1;s:10:\"01-29-2026\";i:1;s:10:\"01-30-2026\";i:1;s:10:\"02-13-2026\";i:1;s:10:\"02-24-2026\";i:1;s:10:\"02-26-2026\";i:1;s:10:\"03-02-2026\";i:1;s:10:\"03-05-2026\";i:1;s:10:\"03-07-2026\";i:1;s:10:\"03-08-2026\";i:1;s:10:\"03-12-2026\";i:1;s:10:\"03-14-2026\";i:1;s:10:\"03-17-2026\";i:1;s:10:\"03-19-2026\";i:1;s:10:\"03-21-2026\";i:1;s:10:\"03-27-2026\";i:1;s:10:\"03-28-2026\";i:1;s:10:\"04-07-2026\";i:1;s:10:\"04-12-2026\";i:1;s:10:\"04-18-2026\";i:1;s:10:\"04-21-2026\";i:1;s:10:\"04-23-2026\";i:1;}"],"houzez_total_property_views":["7815"],"fave_multiunit_plans_enable":["disable"],"fave_agent_display_option":["agency_info"],"fave_rating":["a:5:{i:1;i:0;i:2;i:0;i:3;i:0;i:4;i:0;i:5;i:0;}"],"houzez_manual_expire":["0"],"_houzez_expiration_date_status":["saved"],"_wpml_word_count":["{\"total\":240,\"to_translate\":{\"en\":240,\"fr\":240,\"es\":240}}"],"fave_energy_class":["E"],"fave_energy_global_index":["157 kWh \/ m2a"],"fave_property_id":["1441"],"fave_prop_homeslider":["yes"],"floor_plans":["a:1:{i:0;a:2:{s:15:\"fave_plan_title\";s:7:\"Planols\";s:15:\"fave_plan_image\";s:74:\"https:\/\/masicasas.com\/wp-content\/uploads\/2023\/09\/PLANOLS-Apt-Ave-MAria.png\";}}"],"fave_property_bedrooms":["3"],"fave_property_garage":["1"],"_edit_lock":["1733840519:2"],"_edit_last":["2"],"_last_translation_edit_mode":["native-editor"],"_thumbnail_id":["37725"],"fave_show_price_placeholder":["0"],"_yoast_wpseo_primary_property_type":[""],"_yoast_wpseo_primary_property_status":[""],"_yoast_wpseo_primary_property_feature":[""],"_yoast_wpseo_primary_property_label":[""],"_yoast_wpseo_primary_property_country":[""],"_yoast_wpseo_primary_property_state":[""],"_yoast_wpseo_primary_property_city":[""],"_yoast_wpseo_primary_property_area":[""],"_yoast_wpseo_content_score":["90"],"_yoast_wpseo_estimated-reading-time-minutes":["2"],"_yoast_wpseo_wordproof_timestamp":[""],"_yoast_wpseo_metadesc":["Magn\u00edfico apartamento de alto standing, de construido en 2005, situado en el coraz\u00f3n de L'Escala, dentro de un edificio de solo 9 vecinos, apto para vivir todo el a\u00f1o."],"fave_property_images":["37722","37726","37730","37734","37738","37742","37854","37746","37754","37758","37762","37766","37770","37774","37778","37782","37786","37790","37794","37798","37802","37806","37810","37814","37818","37822","37826","37830","37834","37838","37842","37850","37846"],"fave_prop_slider_image":["37725"],"cmplz_hide_cookiebanner":[""],"fave_featured":["0"],"fave_single_top_area":["global"],"fave_single_content_area":["global"],"_elementor_page_assets":["a:0:{}"]},"yoast_head":"<!-- This site is optimized with the Yoast SEO plugin v27.4 - https:\/\/yoast.com\/product\/yoast-seo-wordpress\/ -->\n<title>Apartamento Ave Maria, L&#039;Escala - Mas i Casas<\/title>\n<meta name=\"description\" content=\"Magn\u00edfico apartamento de alto standing, de construido en 2005, situado en el coraz\u00f3n de L&#039;Escala, dentro de un edificio de solo 9 vecinos, apto para vivir todo el a\u00f1o.\" \/>\n<meta name=\"robots\" content=\"index, follow, max-snippet:-1, max-image-preview:large, max-video-preview:-1\" \/>\n<link rel=\"canonical\" href=\"https:\/\/masicasas.com\/es\/property\/en-exclusiva-apartament-ave-maria-lescala\/\" \/>\n<meta property=\"og:locale\" content=\"es_ES\" \/>\n<meta property=\"og:type\" content=\"article\" \/>\n<meta property=\"og:title\" content=\"Apartamento Ave Maria, L&#039;Escala - Mas i Casas\" \/>\n<meta property=\"og:description\" content=\"Magn\u00edfico apartamento de alto standing, de construido en 2005, situado en el coraz\u00f3n de L&#039;Escala, dentro de un edificio de solo 9 vecinos, apto para vivir todo el a\u00f1o.\" \/>\n<meta property=\"og:url\" content=\"https:\/\/masicasas.com\/es\/property\/en-exclusiva-apartament-ave-maria-lescala\/\" \/>\n<meta property=\"og:site_name\" content=\"Mas i Casas\" \/>\n<meta property=\"article:modified_time\" content=\"2024-12-10T14:24:07+00:00\" \/>\n<meta property=\"og:image\" content=\"https:\/\/masicasas.com\/wp-content\/uploads\/2023\/09\/AVE-MARIA-1.png\" \/>\n\t<meta property=\"og:image:width\" content=\"800\" \/>\n\t<meta property=\"og:image:height\" content=\"533\" \/>\n\t<meta property=\"og:image:type\" content=\"image\/png\" \/>\n<meta name=\"twitter:card\" content=\"summary_large_image\" \/>\n<meta name=\"twitter:label1\" content=\"Tiempo de lectura\" \/>\n\t<meta name=\"twitter:data1\" content=\"2 minutos\" \/>\n<script type=\"application\/ld+json\" class=\"yoast-schema-graph\">{\"@context\":\"https:\\\/\\\/schema.org\",\"@graph\":[{\"@type\":\"WebPage\",\"@id\":\"https:\\\/\\\/masicasas.com\\\/es\\\/property\\\/en-exclusiva-apartament-ave-maria-lescala\\\/\",\"url\":\"https:\\\/\\\/masicasas.com\\\/es\\\/property\\\/en-exclusiva-apartament-ave-maria-lescala\\\/\",\"name\":\"Apartamento Ave Maria, L'Escala - Mas i Casas\",\"isPartOf\":{\"@id\":\"https:\\\/\\\/masicasas.com\\\/#website\"},\"primaryImageOfPage\":{\"@id\":\"https:\\\/\\\/masicasas.com\\\/es\\\/property\\\/en-exclusiva-apartament-ave-maria-lescala\\\/#primaryimage\"},\"image\":{\"@id\":\"https:\\\/\\\/masicasas.com\\\/es\\\/property\\\/en-exclusiva-apartament-ave-maria-lescala\\\/#primaryimage\"},\"thumbnailUrl\":\"https:\\\/\\\/masicasas.com\\\/wp-content\\\/uploads\\\/2023\\\/09\\\/AVE-MARIA-1.png\",\"datePublished\":\"2023-09-02T09:32:42+00:00\",\"dateModified\":\"2024-12-10T14:24:07+00:00\",\"description\":\"Magn\u00edfico apartamento de alto standing, de construido en 2005, situado en el coraz\u00f3n de L'Escala, dentro de un edificio de solo 9 vecinos, apto para vivir todo el a\u00f1o.\",\"breadcrumb\":{\"@id\":\"https:\\\/\\\/masicasas.com\\\/es\\\/property\\\/en-exclusiva-apartament-ave-maria-lescala\\\/#breadcrumb\"},\"inLanguage\":\"es\",\"potentialAction\":[{\"@type\":\"ReadAction\",\"target\":[\"https:\\\/\\\/masicasas.com\\\/es\\\/property\\\/en-exclusiva-apartament-ave-maria-lescala\\\/\"]}]},{\"@type\":\"ImageObject\",\"inLanguage\":\"es\",\"@id\":\"https:\\\/\\\/masicasas.com\\\/es\\\/property\\\/en-exclusiva-apartament-ave-maria-lescala\\\/#primaryimage\",\"url\":\"https:\\\/\\\/masicasas.com\\\/wp-content\\\/uploads\\\/2023\\\/09\\\/AVE-MARIA-1.png\",\"contentUrl\":\"https:\\\/\\\/masicasas.com\\\/wp-content\\\/uploads\\\/2023\\\/09\\\/AVE-MARIA-1.png\",\"width\":800,\"height\":533},{\"@type\":\"BreadcrumbList\",\"@id\":\"https:\\\/\\\/masicasas.com\\\/es\\\/property\\\/en-exclusiva-apartament-ave-maria-lescala\\\/#breadcrumb\",\"itemListElement\":[{\"@type\":\"ListItem\",\"position\":1,\"name\":\"Inici\",\"item\":\"https:\\\/\\\/masicasas.com\\\/es\\\/\"},{\"@type\":\"ListItem\",\"position\":2,\"name\":\"Properties\",\"item\":\"https:\\\/\\\/masicasas.com\\\/property\\\/\"},{\"@type\":\"ListItem\",\"position\":3,\"name\":\"Apartamento Ave Maria, L&#8217;Escala\"}]},{\"@type\":\"WebSite\",\"@id\":\"https:\\\/\\\/masicasas.com\\\/#website\",\"url\":\"https:\\\/\\\/masicasas.com\\\/\",\"name\":\"Mas i Casas\",\"description\":\"Otro sitio realizado con WordPress\",\"publisher\":{\"@id\":\"https:\\\/\\\/masicasas.com\\\/#organization\"},\"potentialAction\":[{\"@type\":\"SearchAction\",\"target\":{\"@type\":\"EntryPoint\",\"urlTemplate\":\"https:\\\/\\\/masicasas.com\\\/?s={search_term_string}\"},\"query-input\":{\"@type\":\"PropertyValueSpecification\",\"valueRequired\":true,\"valueName\":\"search_term_string\"}}],\"inLanguage\":\"es\"},{\"@type\":\"Organization\",\"@id\":\"https:\\\/\\\/masicasas.com\\\/#organization\",\"name\":\"Ag\u00e8ncia Immobili\u00e0ria l`'Escala, Costa brava - Mas i Casas\",\"alternateName\":\"Mas i Casas\",\"url\":\"https:\\\/\\\/masicasas.com\\\/\",\"logo\":{\"@type\":\"ImageObject\",\"inLanguage\":\"es\",\"@id\":\"https:\\\/\\\/masicasas.com\\\/#\\\/schema\\\/logo\\\/image\\\/\",\"url\":\"https:\\\/\\\/masicasas.com\\\/wp-content\\\/uploads\\\/2024\\\/07\\\/cropped-LOGO-MAS-I-CASAS-GOOD.jpg\",\"contentUrl\":\"https:\\\/\\\/masicasas.com\\\/wp-content\\\/uploads\\\/2024\\\/07\\\/cropped-LOGO-MAS-I-CASAS-GOOD.jpg\",\"width\":512,\"height\":512,\"caption\":\"Ag\u00e8ncia Immobili\u00e0ria l`'Escala, Costa brava - Mas i Casas\"},\"image\":{\"@id\":\"https:\\\/\\\/masicasas.com\\\/#\\\/schema\\\/logo\\\/image\\\/\"}}]}<\/script>\n<!-- \/ Yoast SEO plugin. -->","yoast_head_json":{"title":"Apartamento Ave Maria, L'Escala - Mas i Casas","description":"Magn\u00edfico apartamento de alto standing, de construido en 2005, situado en el coraz\u00f3n de L'Escala, dentro de un edificio de solo 9 vecinos, apto para vivir todo el a\u00f1o.","robots":{"index":"index","follow":"follow","max-snippet":"max-snippet:-1","max-image-preview":"max-image-preview:large","max-video-preview":"max-video-preview:-1"},"canonical":"https:\/\/masicasas.com\/es\/property\/en-exclusiva-apartament-ave-maria-lescala\/","og_locale":"es_ES","og_type":"article","og_title":"Apartamento Ave Maria, L'Escala - Mas i Casas","og_description":"Magn\u00edfico apartamento de alto standing, de construido en 2005, situado en el coraz\u00f3n de L'Escala, dentro de un edificio de solo 9 vecinos, apto para vivir todo el a\u00f1o.","og_url":"https:\/\/masicasas.com\/es\/property\/en-exclusiva-apartament-ave-maria-lescala\/","og_site_name":"Mas i Casas","article_modified_time":"2024-12-10T14:24:07+00:00","og_image":[{"width":800,"height":533,"url":"https:\/\/masicasas.com\/wp-content\/uploads\/2023\/09\/AVE-MARIA-1.png","type":"image\/png"}],"twitter_card":"summary_large_image","twitter_misc":{"Tiempo de lectura":"2 minutos"},"schema":{"@context":"https:\/\/schema.org","@graph":[{"@type":"WebPage","@id":"https:\/\/masicasas.com\/es\/property\/en-exclusiva-apartament-ave-maria-lescala\/","url":"https:\/\/masicasas.com\/es\/property\/en-exclusiva-apartament-ave-maria-lescala\/","name":"Apartamento Ave Maria, L'Escala - Mas i Casas","isPartOf":{"@id":"https:\/\/masicasas.com\/#website"},"primaryImageOfPage":{"@id":"https:\/\/masicasas.com\/es\/property\/en-exclusiva-apartament-ave-maria-lescala\/#primaryimage"},"image":{"@id":"https:\/\/masicasas.com\/es\/property\/en-exclusiva-apartament-ave-maria-lescala\/#primaryimage"},"thumbnailUrl":"https:\/\/masicasas.com\/wp-content\/uploads\/2023\/09\/AVE-MARIA-1.png","datePublished":"2023-09-02T09:32:42+00:00","dateModified":"2024-12-10T14:24:07+00:00","description":"Magn\u00edfico apartamento de alto standing, de construido en 2005, situado en el coraz\u00f3n de L'Escala, dentro de un edificio de solo 9 vecinos, apto para vivir todo el a\u00f1o.","breadcrumb":{"@id":"https:\/\/masicasas.com\/es\/property\/en-exclusiva-apartament-ave-maria-lescala\/#breadcrumb"},"inLanguage":"es","potentialAction":[{"@type":"ReadAction","target":["https:\/\/masicasas.com\/es\/property\/en-exclusiva-apartament-ave-maria-lescala\/"]}]},{"@type":"ImageObject","inLanguage":"es","@id":"https:\/\/masicasas.com\/es\/property\/en-exclusiva-apartament-ave-maria-lescala\/#primaryimage","url":"https:\/\/masicasas.com\/wp-content\/uploads\/2023\/09\/AVE-MARIA-1.png","contentUrl":"https:\/\/masicasas.com\/wp-content\/uploads\/2023\/09\/AVE-MARIA-1.png","width":800,"height":533},{"@type":"BreadcrumbList","@id":"https:\/\/masicasas.com\/es\/property\/en-exclusiva-apartament-ave-maria-lescala\/#breadcrumb","itemListElement":[{"@type":"ListItem","position":1,"name":"Inici","item":"https:\/\/masicasas.com\/es\/"},{"@type":"ListItem","position":2,"name":"Properties","item":"https:\/\/masicasas.com\/property\/"},{"@type":"ListItem","position":3,"name":"Apartamento Ave Maria, L&#8217;Escala"}]},{"@type":"WebSite","@id":"https:\/\/masicasas.com\/#website","url":"https:\/\/masicasas.com\/","name":"Mas i Casas","description":"Otro sitio realizado con WordPress","publisher":{"@id":"https:\/\/masicasas.com\/#organization"},"potentialAction":[{"@type":"SearchAction","target":{"@type":"EntryPoint","urlTemplate":"https:\/\/masicasas.com\/?s={search_term_string}"},"query-input":{"@type":"PropertyValueSpecification","valueRequired":true,"valueName":"search_term_string"}}],"inLanguage":"es"},{"@type":"Organization","@id":"https:\/\/masicasas.com\/#organization","name":"Ag\u00e8ncia Immobili\u00e0ria l`'Escala, Costa brava - Mas i Casas","alternateName":"Mas i Casas","url":"https:\/\/masicasas.com\/","logo":{"@type":"ImageObject","inLanguage":"es","@id":"https:\/\/masicasas.com\/#\/schema\/logo\/image\/","url":"https:\/\/masicasas.com\/wp-content\/uploads\/2024\/07\/cropped-LOGO-MAS-I-CASAS-GOOD.jpg","contentUrl":"https:\/\/masicasas.com\/wp-content\/uploads\/2024\/07\/cropped-LOGO-MAS-I-CASAS-GOOD.jpg","width":512,"height":512,"caption":"Ag\u00e8ncia Immobili\u00e0ria l`'Escala, Costa brava - Mas i Casas"},"image":{"@id":"https:\/\/masicasas.com\/#\/schema\/logo\/image\/"}}]}},"_links":{"self":[{"href":"https:\/\/masicasas.com\/es\/wp-json\/wp\/v2\/properties\/23988","targetHints":{"allow":["GET"]}}],"collection":[{"href":"https:\/\/masicasas.com\/es\/wp-json\/wp\/v2\/properties"}],"about":[{"href":"https:\/\/masicasas.com\/es\/wp-json\/wp\/v2\/types\/property"}],"author":[{"embeddable":true,"href":"https:\/\/masicasas.com\/es\/wp-json\/wp\/v2\/users\/2"}],"version-history":[{"count":5,"href":"https:\/\/masicasas.com\/es\/wp-json\/wp\/v2\/properties\/23988\/revisions"}],"predecessor-version":[{"id":30323,"href":"https:\/\/masicasas.com\/es\/wp-json\/wp\/v2\/properties\/23988\/revisions\/30323"}],"wp:featuredmedia":[{"embeddable":true,"href":"https:\/\/masicasas.com\/es\/wp-json\/wp\/v2\/media\/37725"}],"wp:attachment":[{"href":"https:\/\/masicasas.com\/es\/wp-json\/wp\/v2\/media?parent=23988"}],"wp:term":[{"taxonomy":"property_type","embeddable":true,"href":"https:\/\/masicasas.com\/es\/wp-json\/wp\/v2\/property_type?post=23988"},{"taxonomy":"property_status","embeddable":true,"href":"https:\/\/masicasas.com\/es\/wp-json\/wp\/v2\/property_status?post=23988"},{"taxonomy":"property_feature","embeddable":true,"href":"https:\/\/masicasas.com\/es\/wp-json\/wp\/v2\/property_feature?post=23988"},{"taxonomy":"property_label","embeddable":true,"href":"https:\/\/masicasas.com\/es\/wp-json\/wp\/v2\/property_label?post=23988"},{"taxonomy":"property_country","embeddable":true,"href":"https:\/\/masicasas.com\/es\/wp-json\/wp\/v2\/property_country?post=23988"},{"taxonomy":"property_state","embeddable":true,"href":"https:\/\/masicasas.com\/es\/wp-json\/wp\/v2\/property_state?post=23988"},{"taxonomy":"property_city","embeddable":true,"href":"https:\/\/masicasas.com\/es\/wp-json\/wp\/v2\/property_city?post=23988"},{"taxonomy":"property_area","embeddable":true,"href":"https:\/\/masicasas.com\/es\/wp-json\/wp\/v2\/property_area?post=23988"}],"curies":[{"name":"wp","href":"https:\/\/api.w.org\/{rel}","templated":true}]}}