{"id":33977,"date":"2024-11-27T10:18:10","date_gmt":"2024-11-27T10:18:10","guid":{"rendered":"https:\/\/masicasas.com\/property\/apartament-mestral-lescala\/"},"modified":"2025-03-18T08:55:30","modified_gmt":"2025-03-18T08:55:30","slug":"apartament-mestral-lescala","status":"publish","type":"property","link":"https:\/\/masicasas.com\/en\/property\/apartament-mestral-lescala\/","title":{"rendered":"Apartment Mestral, L&#8217;Escala"},"content":{"rendered":"<p>A charming ground floor apartment offering 71m\u00b2 of well-appointed space, located in the historic centre of L&#8217;Escala, just a few steps from the beaches and in the heart of an authentic, picturesque and unique village on the Costa Brava.<\/p>\n<p>The apartment has a large and spacious living-dining room, bright, an independent and fully equipped kitchen, two spacious bedrooms, both equipped with wardrobes, and a large complete bathroom with bathtub.<\/p>\n<p>The apartment is located in a building built in 2004. It has ducted heating (cold and hot), double-glazed windows, a lift and a parking space. In addition, there is a communal swimming pool on the roof, whose sea views will surprise you!<\/p>\n<p>The apartment has a tourist license HUTG-000253-75, offering an excellent investment opportunity and ideal for a seasonal rental, with high profitability.<\/p>\n<p>The apartment is waiting for you!<\/p>\n","protected":false},"excerpt":{"rendered":"<p>A charming ground floor apartment offering 71m\u00b2 of well-appointed space, located in the historic centre of L&#8217;Escala, just a few steps from the beaches and in the heart of an authentic, picturesque and unique village on the Costa Brava. The apartment has a large and spacious living-dining room, bright, an independent and fully equipped kitchen, [&hellip;]<\/p>\n","protected":false},"author":2,"featured_media":33861,"parent":0,"menu_order":0,"template":"","property_type":[318],"property_status":[597],"property_feature":[127,321,210,211,373,410,322,452],"property_label":[],"property_country":[],"property_state":[],"property_city":[115],"property_area":[259],"class_list":["post-33977","property","type-property","status-publish","has-post-thumbnail","hentry","property_type-apartments","property_status-sold-en","property_feature-air-conditioning-en","property_feature-community-pool-en","property_feature-double-glazed-windows-en","property_feature-equipped-kitchen-en","property_feature-ground-floor-en","property_feature-lift-en","property_feature-parking-spot-en","property_feature-wardrobes-en","property_city-l-escala-en","property_area-nucli-antic-en"],"property_meta":{"fave_currency_info":[""],"_vc_post_settings":["a:1:{s:10:\"vc_grid_id\";a:0:{}}"],"fave_property_size":["71"],"fave_property_size_prefix":["M2"],"fave_property_bedrooms":["2"],"fave_property_bathrooms":["1"],"fave_property_year":["2004"],"fave_property_map":["1"],"fave_property_map_address":["Nuclia Antic, L'Escala"],"fave_property_location":["42.123261022805,3.1321320842707,15"],"houzez_geolocation_lat":["42.123261022805"],"houzez_geolocation_long":["3.1321320842707"],"fave_property_country":["US"],"fave_additional_features_enable":["enable"],"fave_floor_plans_enable":["enable"],"fave_video_image":["84"],"fave_payment_status":["not_paid"],"fave_property_map_street_view":["show"],"_dp_original":["437"],"houzez_recently_viewed":["2026-04-25 20:03:57"],"houzez_views_by_date":["a:61:{s:10:\"01-30-2025\";i:1;s:10:\"02-01-2025\";i:1;s:10:\"02-19-2025\";i:1;s:10:\"02-20-2025\";i:1;s:10:\"02-27-2025\";i:1;s:10:\"03-01-2025\";i:1;s:10:\"03-03-2025\";i:1;s:10:\"03-06-2025\";i:1;s:10:\"03-19-2025\";i:1;s:10:\"03-21-2025\";i:1;s:10:\"04-03-2025\";i:1;s:10:\"04-12-2025\";i:1;s:10:\"04-19-2025\";i:1;s:10:\"04-23-2025\";i:1;s:10:\"05-01-2025\";i:1;s:10:\"05-03-2025\";i:1;s:10:\"05-09-2025\";i:1;s:10:\"05-29-2025\";i:1;s:10:\"05-30-2025\";i:1;s:10:\"06-05-2025\";i:1;s:10:\"06-06-2025\";i:1;s:10:\"06-26-2025\";i:1;s:10:\"07-03-2025\";i:1;s:10:\"07-12-2025\";i:1;s:10:\"07-22-2025\";i:1;s:10:\"07-24-2025\";i:1;s:10:\"08-06-2025\";i:1;s:10:\"08-14-2025\";i:1;s:10:\"09-19-2025\";i:2;s:10:\"09-23-2025\";i:1;s:10:\"09-24-2025\";i:1;s:10:\"09-25-2025\";i:2;s:10:\"09-26-2025\";i:1;s:10:\"10-04-2025\";i:1;s:10:\"10-05-2025\";i:1;s:10:\"10-08-2025\";i:1;s:10:\"10-09-2025\";i:1;s:10:\"10-20-2025\";i:1;s:10:\"11-03-2025\";i:1;s:10:\"11-12-2025\";i:1;s:10:\"11-19-2025\";i:1;s:10:\"11-23-2025\";i:1;s:10:\"01-22-2026\";i:1;s:10:\"01-29-2026\";i:1;s:10:\"01-30-2026\";i:1;s:10:\"02-14-2026\";i:1;s:10:\"02-23-2026\";i:1;s:10:\"02-28-2026\";i:1;s:10:\"03-05-2026\";i:1;s:10:\"03-08-2026\";i:1;s:10:\"03-12-2026\";i:1;s:10:\"03-14-2026\";i:1;s:10:\"03-19-2026\";i:2;s:10:\"03-20-2026\";i:1;s:10:\"03-27-2026\";i:1;s:10:\"03-29-2026\";i:1;s:10:\"04-12-2026\";i:1;s:10:\"04-18-2026\";i:1;s:10:\"04-21-2026\";i:1;s:10:\"04-23-2026\";i:1;s:10:\"04-25-2026\";i:1;}"],"houzez_total_property_views":["7813"],"fave_multiunit_plans_enable":["disable"],"fave_agent_display_option":["agency_info"],"fave_rating":["a:5:{i:1;i:0;i:2;i:0;i:3;i:0;i:4;i:0;i:5;i:0;}"],"_wpml_media_featured":["1"],"_wpml_media_duplicate":["0"],"houzez_manual_expire":["0"],"_houzez_expiration_date_status":["saved"],"_wpml_word_count":["{\"total\":217,\"to_translate\":{\"en\":217,\"fr\":217,\"es\":217}}"],"fave_property_id":["1463"],"_yoast_wpseo_metadesc":["Un encantador apartament de planta baixa de 71 m\u00b2 d'espai ben equipat, situat al centre hist\u00f2ric de l'Escala, a pocs passos de les platges i al cor d'un poble aut\u00e8ntic, pintoresc i \u00fanic de la Costa Brava."],"_yoast_wpseo_content_score":["90"],"_yoast_wpseo_estimated-reading-time-minutes":["1"],"_yoast_wpseo_wordproof_timestamp":[""],"fave_show_price_placeholder":["0"],"_yoast_wpseo_primary_property_type":[""],"_yoast_wpseo_primary_property_status":[""],"_yoast_wpseo_primary_property_feature":[""],"_yoast_wpseo_primary_property_label":[""],"_yoast_wpseo_primary_property_country":[""],"_yoast_wpseo_primary_property_state":[""],"_yoast_wpseo_primary_property_city":[""],"_yoast_wpseo_primary_property_area":[""],"cmplz_hide_cookiebanner":[""],"fave_energy_class":["C"],"fave_energy_global_index":["81 kWh \/ m2a"],"fave_video_url":["https:\/\/youtu.be\/wobCaUUQOus"],"fave_property_garage":["1"],"_thumbnail_id":["33861"],"_edit_lock":["1742288131:2"],"_edit_last":["2"],"_last_translation_edit_mode":["native-editor"],"fave_property_images":["33864","33868","33872","33876","33880","33884","33888","33892","33896","33900","33904","33908","33912","33916","33920","33924","33928","33932","33936","33940","33944","33948","33952","33956","33960","33964","33972","33968"],"fave_prop_slider_image":["33860"],"fave_single_top_area":["global"],"fave_single_content_area":["global"],"fave_featured":["0"],"rs_page_bg_color":[""],"_elementor_page_assets":["a:0:{}"]},"yoast_head":"<!-- This site is optimized with the Yoast SEO plugin v27.4 - https:\/\/yoast.com\/product\/yoast-seo-wordpress\/ -->\n<title>Apartment Mestral, L&#039;Escala - Mas i Casas<\/title>\n<meta name=\"description\" content=\"Un encantador apartament de planta baixa de 71 m\u00b2 d&#039;espai ben equipat, situat al centre hist\u00f2ric de l&#039;Escala, a pocs passos de les platges i al cor d&#039;un poble aut\u00e8ntic, pintoresc i \u00fanic de la Costa Brava.\" \/>\n<meta name=\"robots\" content=\"index, follow, max-snippet:-1, max-image-preview:large, max-video-preview:-1\" \/>\n<link rel=\"canonical\" href=\"https:\/\/masicasas.com\/en\/property\/apartament-mestral-lescala\/\" \/>\n<meta property=\"og:locale\" content=\"en_US\" \/>\n<meta property=\"og:type\" content=\"article\" \/>\n<meta property=\"og:title\" content=\"Apartment Mestral, L&#039;Escala - Mas i Casas\" \/>\n<meta property=\"og:description\" content=\"Un encantador apartament de planta baixa de 71 m\u00b2 d&#039;espai ben equipat, situat al centre hist\u00f2ric de l&#039;Escala, a pocs passos de les platges i al cor d&#039;un poble aut\u00e8ntic, pintoresc i \u00fanic de la Costa Brava.\" \/>\n<meta property=\"og:url\" content=\"https:\/\/masicasas.com\/en\/property\/apartament-mestral-lescala\/\" \/>\n<meta property=\"og:site_name\" content=\"Mas i Casas\" \/>\n<meta property=\"article:modified_time\" content=\"2025-03-18T08:55:30+00:00\" \/>\n<meta property=\"og:image\" content=\"https:\/\/masicasas.com\/wp-content\/uploads\/2024\/11\/MESTRAL-1.png\" \/>\n\t<meta property=\"og:image:width\" content=\"800\" \/>\n\t<meta property=\"og:image:height\" content=\"533\" \/>\n\t<meta property=\"og:image:type\" content=\"image\/png\" \/>\n<meta name=\"twitter:card\" content=\"summary_large_image\" \/>\n<meta name=\"twitter:label1\" content=\"Est. reading time\" \/>\n\t<meta name=\"twitter:data1\" content=\"1 minute\" \/>\n<script type=\"application\/ld+json\" class=\"yoast-schema-graph\">{\"@context\":\"https:\\\/\\\/schema.org\",\"@graph\":[{\"@type\":\"WebPage\",\"@id\":\"https:\\\/\\\/masicasas.com\\\/en\\\/property\\\/apartament-mestral-lescala\\\/\",\"url\":\"https:\\\/\\\/masicasas.com\\\/en\\\/property\\\/apartament-mestral-lescala\\\/\",\"name\":\"Apartment Mestral, L'Escala - Mas i Casas\",\"isPartOf\":{\"@id\":\"https:\\\/\\\/masicasas.com\\\/#website\"},\"primaryImageOfPage\":{\"@id\":\"https:\\\/\\\/masicasas.com\\\/en\\\/property\\\/apartament-mestral-lescala\\\/#primaryimage\"},\"image\":{\"@id\":\"https:\\\/\\\/masicasas.com\\\/en\\\/property\\\/apartament-mestral-lescala\\\/#primaryimage\"},\"thumbnailUrl\":\"https:\\\/\\\/masicasas.com\\\/wp-content\\\/uploads\\\/2024\\\/11\\\/MESTRAL-1.png\",\"datePublished\":\"2024-11-27T10:18:10+00:00\",\"dateModified\":\"2025-03-18T08:55:30+00:00\",\"description\":\"Un encantador apartament de planta baixa de 71 m\u00b2 d'espai ben equipat, situat al centre hist\u00f2ric de l'Escala, a pocs passos de les platges i al cor d'un poble aut\u00e8ntic, pintoresc i \u00fanic de la Costa Brava.\",\"breadcrumb\":{\"@id\":\"https:\\\/\\\/masicasas.com\\\/en\\\/property\\\/apartament-mestral-lescala\\\/#breadcrumb\"},\"inLanguage\":\"en-US\",\"potentialAction\":[{\"@type\":\"ReadAction\",\"target\":[\"https:\\\/\\\/masicasas.com\\\/en\\\/property\\\/apartament-mestral-lescala\\\/\"]}]},{\"@type\":\"ImageObject\",\"inLanguage\":\"en-US\",\"@id\":\"https:\\\/\\\/masicasas.com\\\/en\\\/property\\\/apartament-mestral-lescala\\\/#primaryimage\",\"url\":\"https:\\\/\\\/masicasas.com\\\/wp-content\\\/uploads\\\/2024\\\/11\\\/MESTRAL-1.png\",\"contentUrl\":\"https:\\\/\\\/masicasas.com\\\/wp-content\\\/uploads\\\/2024\\\/11\\\/MESTRAL-1.png\",\"width\":800,\"height\":533},{\"@type\":\"BreadcrumbList\",\"@id\":\"https:\\\/\\\/masicasas.com\\\/en\\\/property\\\/apartament-mestral-lescala\\\/#breadcrumb\",\"itemListElement\":[{\"@type\":\"ListItem\",\"position\":1,\"name\":\"Inici\",\"item\":\"https:\\\/\\\/masicasas.com\\\/en\\\/\"},{\"@type\":\"ListItem\",\"position\":2,\"name\":\"Properties\",\"item\":\"https:\\\/\\\/masicasas.com\\\/property\\\/\"},{\"@type\":\"ListItem\",\"position\":3,\"name\":\"Apartment Mestral, L&#8217;Escala\"}]},{\"@type\":\"WebSite\",\"@id\":\"https:\\\/\\\/masicasas.com\\\/#website\",\"url\":\"https:\\\/\\\/masicasas.com\\\/\",\"name\":\"Mas i Casas\",\"description\":\"Otro sitio realizado con WordPress\",\"publisher\":{\"@id\":\"https:\\\/\\\/masicasas.com\\\/#organization\"},\"potentialAction\":[{\"@type\":\"SearchAction\",\"target\":{\"@type\":\"EntryPoint\",\"urlTemplate\":\"https:\\\/\\\/masicasas.com\\\/?s={search_term_string}\"},\"query-input\":{\"@type\":\"PropertyValueSpecification\",\"valueRequired\":true,\"valueName\":\"search_term_string\"}}],\"inLanguage\":\"en-US\"},{\"@type\":\"Organization\",\"@id\":\"https:\\\/\\\/masicasas.com\\\/#organization\",\"name\":\"Ag\u00e8ncia Immobili\u00e0ria l`'Escala, Costa brava - Mas i Casas\",\"alternateName\":\"Mas i Casas\",\"url\":\"https:\\\/\\\/masicasas.com\\\/\",\"logo\":{\"@type\":\"ImageObject\",\"inLanguage\":\"en-US\",\"@id\":\"https:\\\/\\\/masicasas.com\\\/#\\\/schema\\\/logo\\\/image\\\/\",\"url\":\"https:\\\/\\\/masicasas.com\\\/wp-content\\\/uploads\\\/2024\\\/07\\\/cropped-LOGO-MAS-I-CASAS-GOOD.jpg\",\"contentUrl\":\"https:\\\/\\\/masicasas.com\\\/wp-content\\\/uploads\\\/2024\\\/07\\\/cropped-LOGO-MAS-I-CASAS-GOOD.jpg\",\"width\":512,\"height\":512,\"caption\":\"Ag\u00e8ncia Immobili\u00e0ria l`'Escala, Costa brava - Mas i Casas\"},\"image\":{\"@id\":\"https:\\\/\\\/masicasas.com\\\/#\\\/schema\\\/logo\\\/image\\\/\"}}]}<\/script>\n<!-- \/ Yoast SEO plugin. -->","yoast_head_json":{"title":"Apartment Mestral, L'Escala - Mas i Casas","description":"Un encantador apartament de planta baixa de 71 m\u00b2 d'espai ben equipat, situat al centre hist\u00f2ric de l'Escala, a pocs passos de les platges i al cor d'un poble aut\u00e8ntic, pintoresc i \u00fanic de la Costa Brava.","robots":{"index":"index","follow":"follow","max-snippet":"max-snippet:-1","max-image-preview":"max-image-preview:large","max-video-preview":"max-video-preview:-1"},"canonical":"https:\/\/masicasas.com\/en\/property\/apartament-mestral-lescala\/","og_locale":"en_US","og_type":"article","og_title":"Apartment Mestral, L'Escala - Mas i Casas","og_description":"Un encantador apartament de planta baixa de 71 m\u00b2 d'espai ben equipat, situat al centre hist\u00f2ric de l'Escala, a pocs passos de les platges i al cor d'un poble aut\u00e8ntic, pintoresc i \u00fanic de la Costa Brava.","og_url":"https:\/\/masicasas.com\/en\/property\/apartament-mestral-lescala\/","og_site_name":"Mas i Casas","article_modified_time":"2025-03-18T08:55:30+00:00","og_image":[{"width":800,"height":533,"url":"https:\/\/masicasas.com\/wp-content\/uploads\/2024\/11\/MESTRAL-1.png","type":"image\/png"}],"twitter_card":"summary_large_image","twitter_misc":{"Est. reading time":"1 minute"},"schema":{"@context":"https:\/\/schema.org","@graph":[{"@type":"WebPage","@id":"https:\/\/masicasas.com\/en\/property\/apartament-mestral-lescala\/","url":"https:\/\/masicasas.com\/en\/property\/apartament-mestral-lescala\/","name":"Apartment Mestral, L'Escala - Mas i Casas","isPartOf":{"@id":"https:\/\/masicasas.com\/#website"},"primaryImageOfPage":{"@id":"https:\/\/masicasas.com\/en\/property\/apartament-mestral-lescala\/#primaryimage"},"image":{"@id":"https:\/\/masicasas.com\/en\/property\/apartament-mestral-lescala\/#primaryimage"},"thumbnailUrl":"https:\/\/masicasas.com\/wp-content\/uploads\/2024\/11\/MESTRAL-1.png","datePublished":"2024-11-27T10:18:10+00:00","dateModified":"2025-03-18T08:55:30+00:00","description":"Un encantador apartament de planta baixa de 71 m\u00b2 d'espai ben equipat, situat al centre hist\u00f2ric de l'Escala, a pocs passos de les platges i al cor d'un poble aut\u00e8ntic, pintoresc i \u00fanic de la Costa Brava.","breadcrumb":{"@id":"https:\/\/masicasas.com\/en\/property\/apartament-mestral-lescala\/#breadcrumb"},"inLanguage":"en-US","potentialAction":[{"@type":"ReadAction","target":["https:\/\/masicasas.com\/en\/property\/apartament-mestral-lescala\/"]}]},{"@type":"ImageObject","inLanguage":"en-US","@id":"https:\/\/masicasas.com\/en\/property\/apartament-mestral-lescala\/#primaryimage","url":"https:\/\/masicasas.com\/wp-content\/uploads\/2024\/11\/MESTRAL-1.png","contentUrl":"https:\/\/masicasas.com\/wp-content\/uploads\/2024\/11\/MESTRAL-1.png","width":800,"height":533},{"@type":"BreadcrumbList","@id":"https:\/\/masicasas.com\/en\/property\/apartament-mestral-lescala\/#breadcrumb","itemListElement":[{"@type":"ListItem","position":1,"name":"Inici","item":"https:\/\/masicasas.com\/en\/"},{"@type":"ListItem","position":2,"name":"Properties","item":"https:\/\/masicasas.com\/property\/"},{"@type":"ListItem","position":3,"name":"Apartment Mestral, L&#8217;Escala"}]},{"@type":"WebSite","@id":"https:\/\/masicasas.com\/#website","url":"https:\/\/masicasas.com\/","name":"Mas i Casas","description":"Otro sitio realizado con WordPress","publisher":{"@id":"https:\/\/masicasas.com\/#organization"},"potentialAction":[{"@type":"SearchAction","target":{"@type":"EntryPoint","urlTemplate":"https:\/\/masicasas.com\/?s={search_term_string}"},"query-input":{"@type":"PropertyValueSpecification","valueRequired":true,"valueName":"search_term_string"}}],"inLanguage":"en-US"},{"@type":"Organization","@id":"https:\/\/masicasas.com\/#organization","name":"Ag\u00e8ncia Immobili\u00e0ria l`'Escala, Costa brava - Mas i Casas","alternateName":"Mas i Casas","url":"https:\/\/masicasas.com\/","logo":{"@type":"ImageObject","inLanguage":"en-US","@id":"https:\/\/masicasas.com\/#\/schema\/logo\/image\/","url":"https:\/\/masicasas.com\/wp-content\/uploads\/2024\/07\/cropped-LOGO-MAS-I-CASAS-GOOD.jpg","contentUrl":"https:\/\/masicasas.com\/wp-content\/uploads\/2024\/07\/cropped-LOGO-MAS-I-CASAS-GOOD.jpg","width":512,"height":512,"caption":"Ag\u00e8ncia Immobili\u00e0ria l`'Escala, Costa brava - Mas i Casas"},"image":{"@id":"https:\/\/masicasas.com\/#\/schema\/logo\/image\/"}}]}},"_links":{"self":[{"href":"https:\/\/masicasas.com\/en\/wp-json\/wp\/v2\/properties\/33977","targetHints":{"allow":["GET"]}}],"collection":[{"href":"https:\/\/masicasas.com\/en\/wp-json\/wp\/v2\/properties"}],"about":[{"href":"https:\/\/masicasas.com\/en\/wp-json\/wp\/v2\/types\/property"}],"author":[{"embeddable":true,"href":"https:\/\/masicasas.com\/en\/wp-json\/wp\/v2\/users\/2"}],"version-history":[{"count":2,"href":"https:\/\/masicasas.com\/en\/wp-json\/wp\/v2\/properties\/33977\/revisions"}],"predecessor-version":[{"id":41564,"href":"https:\/\/masicasas.com\/en\/wp-json\/wp\/v2\/properties\/33977\/revisions\/41564"}],"wp:featuredmedia":[{"embeddable":true,"href":"https:\/\/masicasas.com\/en\/wp-json\/wp\/v2\/media\/33861"}],"wp:attachment":[{"href":"https:\/\/masicasas.com\/en\/wp-json\/wp\/v2\/media?parent=33977"}],"wp:term":[{"taxonomy":"property_type","embeddable":true,"href":"https:\/\/masicasas.com\/en\/wp-json\/wp\/v2\/property_type?post=33977"},{"taxonomy":"property_status","embeddable":true,"href":"https:\/\/masicasas.com\/en\/wp-json\/wp\/v2\/property_status?post=33977"},{"taxonomy":"property_feature","embeddable":true,"href":"https:\/\/masicasas.com\/en\/wp-json\/wp\/v2\/property_feature?post=33977"},{"taxonomy":"property_label","embeddable":true,"href":"https:\/\/masicasas.com\/en\/wp-json\/wp\/v2\/property_label?post=33977"},{"taxonomy":"property_country","embeddable":true,"href":"https:\/\/masicasas.com\/en\/wp-json\/wp\/v2\/property_country?post=33977"},{"taxonomy":"property_state","embeddable":true,"href":"https:\/\/masicasas.com\/en\/wp-json\/wp\/v2\/property_state?post=33977"},{"taxonomy":"property_city","embeddable":true,"href":"https:\/\/masicasas.com\/en\/wp-json\/wp\/v2\/property_city?post=33977"},{"taxonomy":"property_area","embeddable":true,"href":"https:\/\/masicasas.com\/en\/wp-json\/wp\/v2\/property_area?post=33977"}],"curies":[{"name":"wp","href":"https:\/\/api.w.org\/{rel}","templated":true}]}}